{"id":16910,"date":"2020-10-12T14:42:13","date_gmt":"2020-10-12T12:42:13","guid":{"rendered":"https:\/\/www.guidaturisticaosta.it\/new-home\/"},"modified":"2025-11-29T18:09:12","modified_gmt":"2025-11-29T17:09:12","slug":"new-home","status":"publish","type":"page","link":"https:\/\/www.guidaturisticaosta.it\/en\/","title":{"rendered":"Home"},"content":{"rendered":"<p>[et_pb_section fb_built=&#8221;1&#8243; admin_label=&#8221;Slider&#8221; _builder_version=&#8221;4.16&#8243; _module_preset=&#8221;default&#8221; use_background_color_gradient=&#8221;on&#8221; background_color_gradient_stops=&#8221;rgba(0,0,0,0) 69%|rgba(0,0,0,0.7) 100%&#8221; background_color_gradient_overlays_image=&#8221;on&#8221; background_color_gradient_start=&#8221;rgba(0,0,0,0)&#8221; background_color_gradient_start_position=&#8221;69%&#8221; background_color_gradient_end=&#8221;rgba(0,0,0,0.7)&#8221; background_image=&#8221;https:\/\/www.guidaturisticaosta.it\/wp-content\/uploads\/2020\/10\/Chiesa-di-Sant-Orso.jpg&#8221; height=&#8221;60vh&#8221; custom_padding=&#8221;0px||0px||false|false&#8221; bottom_divider_color=&#8221;rgba(0,0,0,0.5)&#8221; bottom_divider_height=&#8221;350px&#8221; bottom_divider_flip=&#8221;horizontal&#8221; collapsed=&#8221;off&#8221; global_colors_info=&#8221;{}&#8221;][et_pb_row _builder_version=&#8221;4.16&#8243; _module_preset=&#8221;default&#8221; custom_padding=&#8221;10vh||30vh||false|false&#8221; global_colors_info=&#8221;{}&#8221;][et_pb_column type=&#8221;4_4&#8243; _builder_version=&#8221;4.16&#8243; _module_preset=&#8221;default&#8221; global_colors_info=&#8221;{}&#8221;][et_pb_text content_tablet=&#8221;<\/p>\n<h2>Discover the Aosta Valley with a tour guide<\/h2>\n<p>&#8221; content_phone=&#8221;<\/p>\n<h2>Discover the Aosta Valley with a tour guide<\/h2>\n<p>&#8221; content_last_edited=&#8221;on|desktop&#8221; _builder_version=&#8221;4.16&#8243; _module_preset=&#8221;default&#8221; text_font_size=&#8221;20px&#8221; header_font=&#8221;|300|||||||&#8221; header_text_align=&#8221;center&#8221; header_font_size=&#8221;48px&#8221; header_2_font=&#8221;|300|||||||&#8221; header_2_text_align=&#8221;center&#8221; header_2_font_size=&#8221;50px&#8221; background_enable_color=&#8221;off&#8221; background_layout=&#8221;dark&#8221; custom_margin=&#8221;0px||0px||false|false&#8221; custom_padding=&#8221;0px||0px||false|false&#8221; header_2_font_size_tablet=&#8221;42px&#8221; header_2_font_size_phone=&#8221;38px&#8221; header_2_font_size_last_edited=&#8221;on|phone&#8221; header_text_shadow_style=&#8221;preset3&#8243; header_text_shadow_blur_strength=&#8221;0.13em&#8221; header_text_shadow_color=&#8221;#000000&#8243; header_2_text_shadow_style=&#8221;preset3&#8243; header_2_text_shadow_blur_strength=&#8221;0.15em&#8221; header_2_text_shadow_color=&#8221;#000000&#8243; border_radii=&#8221;on|7px|7px|7px|7px&#8221; global_colors_info=&#8221;{}&#8221;]<\/p>\n<h2>Discover the Aosta Valley with a tour guide<\/h2>\n<p>[\/et_pb_text][\/et_pb_column][\/et_pb_row][et_pb_row _builder_version=&#8221;4.16&#8243; _module_preset=&#8221;default&#8221; positioning=&#8221;absolute&#8221; position_origin_a=&#8221;bottom_center&#8221; width_tablet=&#8221;100%&#8221; width_phone=&#8221;100%&#8221; width_last_edited=&#8221;on|tablet&#8221; custom_padding=&#8221;0px||0px||false|false&#8221; global_colors_info=&#8221;{}&#8221;][et_pb_column type=&#8221;4_4&#8243; _builder_version=&#8221;4.16&#8243; _module_preset=&#8221;default&#8221; global_colors_info=&#8221;{}&#8221;][et_pb_image src=&#8221;https:\/\/www.guidaturisticaosta.it\/wp-content\/uploads\/2020\/10\/Solo-grafica.png&#8221; title_text=&#8221;Solo grafica&#8221; _builder_version=&#8221;4.16&#8243; _module_preset=&#8221;default&#8221; positioning=&#8221;absolute&#8221; position_origin_a=&#8221;bottom_center&#8221; max_height=&#8221;16vh&#8221; max_height_last_edited=&#8221;off|phone&#8221; custom_margin=&#8221;0px||0px||false|false&#8221; global_colors_info=&#8221;{}&#8221;][\/et_pb_image][\/et_pb_column][\/et_pb_row][\/et_pb_section][et_pb_section fb_built=&#8221;1&#8243; admin_label=&#8221;Claim&#8221; _builder_version=&#8221;4.16&#8243; _module_preset=&#8221;default&#8221; custom_padding=&#8221;0px||||false|false&#8221; collapsed=&#8221;off&#8221; global_colors_info=&#8221;{}&#8221;][et_pb_row _builder_version=&#8221;4.16&#8243; _module_preset=&#8221;default&#8221; parallax=&#8221;on&#8221; global_colors_info=&#8221;{}&#8221;][et_pb_column type=&#8221;4_4&#8243; _builder_version=&#8221;4.16&#8243; _module_preset=&#8221;default&#8221; global_colors_info=&#8221;{}&#8221;][et_pb_text _builder_version=&#8221;4.16&#8243; _module_preset=&#8221;default&#8221; header_font=&#8221;|300|||||||&#8221; header_text_color=&#8221;#197dff&#8221; header_2_text_color=&#8221;#606060&#8243; text_orientation=&#8221;center&#8221; header_font_size_tablet=&#8221;&#8221; header_font_size_phone=&#8221;27px&#8221; header_font_size_last_edited=&#8221;on|phone&#8221; header_2_font_size_tablet=&#8221;&#8221; header_2_font_size_phone=&#8221;29px&#8221; header_2_font_size_last_edited=&#8221;on|phone&#8221; global_colors_info=&#8221;{}&#8221;]<\/p>\n<h2>Francesca Bacolla<\/h2>\n<h1>Aosta Valley Tour guide<\/h1>\n<p>[\/et_pb_text][et_pb_divider color=&#8221;#c4c4c4&#8243; divider_weight=&#8221;6px&#8221; _builder_version=&#8221;4.16&#8243; _module_preset=&#8221;default&#8221; max_width=&#8221;200px&#8221; module_alignment=&#8221;center&#8221; height=&#8221;6px&#8221; custom_margin=&#8221;0px||25px||false|false&#8221; custom_padding=&#8221;0px||0px||false|false&#8221; locked=&#8221;off&#8221; global_colors_info=&#8221;{}&#8221;][\/et_pb_divider][et_pb_text _builder_version=&#8221;4.27.4&#8243; _module_preset=&#8221;default&#8221; text_orientation=&#8221;center&#8221; hover_enabled=&#8221;0&#8243; global_colors_info=&#8221;{}&#8221; sticky_enabled=&#8221;0&#8243;]<\/p>\n<p>Discover the most common but also the unusual and secret side of the <strong>Aosta Valley<\/strong> with a <strong>tour<\/strong> <strong>guide<\/strong>.<br \/>Together we will visit <strong>Aosta<\/strong>, also called \u201cRome of the Alps\u201d with its remarkable archaeological remains, the <strong>Cathedral<\/strong> and the <strong>Collegiate Church of Saint Orso<\/strong>, walking through the <strong>MegaMuseum<\/strong>, a unique site in Europe.<br \/>We won\u2019t skip the many <strong>castles<\/strong> (F\u00e9nis, Issogne, Verr\u00e8s, Savoia&#8230; and many others) that stud the valley and the majestic <strong>Fortress of Bard<\/strong>, a main exhibition centre in our region.<br \/>The Aosta Valley is famous for its landscape and the highest peaks of the Alps such as <strong>Mont Blanc<\/strong> and <strong>Matterhorn<\/strong>. Together we will visit the famous villages of <strong>Gressoney<\/strong>, <strong>Cervinia<\/strong>, <strong>Cogne<\/strong> and <strong>Courmayeur<\/strong> or enjoy quiet times in small alpine villages.<\/p>\n<p>The Aosta Valley is not only culture, but also <strong>traditional craftsmanship, <\/strong>which is displayed in the millenary old <strong>Saint Orso fair<\/strong>.<br \/>The Aosta Valley also means alpine villages, mountain resorts<strong>, <\/strong>places of interest as <strong>Skyway Monte Bianco<\/strong> or traditional events as the <strong>Christmas Market<\/strong> and <strong>colorful carnivals<\/strong>.<\/p>\n<p>[\/et_pb_text][\/et_pb_column][\/et_pb_row][et_pb_row column_structure=&#8221;1_5,1_5,1_5,1_5,1_5&#8243; use_custom_gutter=&#8221;on&#8221; gutter_width=&#8221;1&#8243; make_equal=&#8221;on&#8221; _builder_version=&#8221;4.16&#8243; _module_preset=&#8221;default&#8221; width=&#8221;100%&#8221; max_width=&#8221;100%&#8221; height=&#8221;20vw&#8221; height_tablet=&#8221;140vw&#8221; height_phone=&#8221;400vw&#8221; height_last_edited=&#8221;on|tablet&#8221; global_colors_info=&#8221;{}&#8221;][et_pb_column type=&#8221;1_5&#8243; _builder_version=&#8221;4.16&#8243; _module_preset=&#8221;default&#8221; background_image=&#8221;https:\/\/www.guidaturisticaosta.it\/wp-content\/uploads\/2020\/10\/Teatro-Romano-1024&#215;683.jpg&#8221; global_colors_info=&#8221;{}&#8221; custom_css_main_element_last_edited=&#8221;off|tablet&#8221; custom_css_main_element_tablet=&#8221;width&#8221;][et_pb_cta button_url=&#8221;@ET-DC@eyJkeW5hbWljIjp0cnVlLCJjb250ZW50IjoicG9zdF9saW5rX3VybF92aXNpdGUiLCJzZXR0aW5ncyI6eyJwb3N0X2lkIjoiMTM1NTAifX0=@&#8221; button_text=&#8221;Aosta&#8221; _builder_version=&#8221;4.16&#8243; _dynamic_attributes=&#8221;button_url&#8221; _module_preset=&#8221;db7ff769-7d37-474f-b73a-faf521916e7c&#8221; background_color=&#8221;rgba(0,0,0,0.5)&#8221; width=&#8221;100%&#8221; max_width=&#8221;100%&#8221; custom_margin=&#8221;0px||0px||false|false&#8221; custom_padding=&#8221;20px||20px||false|false&#8221; custom_css_main_element=&#8221;position: absolute;||bottom: 0px;||z-index: 10;&#8221; global_colors_info=&#8221;{}&#8221;][\/et_pb_cta][\/et_pb_column][et_pb_column type=&#8221;1_5&#8243; _builder_version=&#8221;4.16&#8243; _module_preset=&#8221;default&#8221; background_image=&#8221;https:\/\/www.guidaturisticaosta.it\/wp-content\/uploads\/2020\/10\/Castello-di-Fenis-1024&#215;768.jpg&#8221; global_colors_info=&#8221;{}&#8221;][et_pb_cta button_url=&#8221;@ET-DC@eyJkeW5hbWljIjp0cnVlLCJjb250ZW50IjoicG9zdF9saW5rX3VybF9wYWdlIiwic2V0dGluZ3MiOnsicG9zdF9pZCI6IjExOTAxIn19@&#8221; button_text=&#8221;Castles&#8221; _builder_version=&#8221;4.16&#8243; _dynamic_attributes=&#8221;button_url&#8221; _module_preset=&#8221;db7ff769-7d37-474f-b73a-faf521916e7c&#8221; background_color=&#8221;rgba(0,0,0,0.5)&#8221; width=&#8221;100%&#8221; max_width=&#8221;100%&#8221; custom_margin=&#8221;0px||0px||false|false&#8221; custom_padding=&#8221;20px||20px||false|false&#8221; custom_css_main_element=&#8221;position: absolute;||bottom: 0px;||z-index: 10;&#8221; global_colors_info=&#8221;{}&#8221;][\/et_pb_cta][\/et_pb_column][et_pb_column type=&#8221;1_5&#8243; _builder_version=&#8221;4.16&#8243; _module_preset=&#8221;default&#8221; background_image=&#8221;https:\/\/www.guidaturisticaosta.it\/wp-content\/uploads\/2020\/11\/Forte-di-Bard.jpg&#8221; global_colors_info=&#8221;{}&#8221;][et_pb_cta button_url=&#8221;@ET-DC@eyJkeW5hbWljIjp0cnVlLCJjb250ZW50IjoicG9zdF9saW5rX3VybF92aXNpdGUiLCJzZXR0aW5ncyI6eyJwb3N0X2lkIjoiMTM3MzQifX0=@&#8221; button_text=&#8221;Fortress of Bard&#8221; _builder_version=&#8221;4.16&#8243; _dynamic_attributes=&#8221;button_url&#8221; _module_preset=&#8221;db7ff769-7d37-474f-b73a-faf521916e7c&#8221; background_color=&#8221;rgba(0,0,0,0.5)&#8221; width=&#8221;100%&#8221; max_width=&#8221;100%&#8221; custom_margin=&#8221;0px||0px||false|false&#8221; custom_padding=&#8221;20px||20px||false|false&#8221; custom_css_main_element=&#8221;position: absolute;||bottom: 0px;||z-index: 10;&#8221; global_colors_info=&#8221;{}&#8221;][\/et_pb_cta][\/et_pb_column][et_pb_column type=&#8221;1_5&#8243; _builder_version=&#8221;4.16&#8243; _module_preset=&#8221;default&#8221; background_image=&#8221;https:\/\/www.guidaturisticaosta.it\/wp-content\/uploads\/2020\/10\/Antagnod-1024&#215;682.jpg&#8221; global_colors_info=&#8221;{}&#8221;][et_pb_cta button_url=&#8221;@ET-DC@eyJkeW5hbWljIjp0cnVlLCJjb250ZW50IjoicG9zdF9saW5rX3VybF9wYWdlIiwic2V0dGluZ3MiOnsicG9zdF9pZCI6IjI1MDcifX0=@&#8221; button_text=&#8221;Mountain resorts &#8221; _builder_version=&#8221;4.27.4&#8243; _dynamic_attributes=&#8221;button_url&#8221; _module_preset=&#8221;db7ff769-7d37-474f-b73a-faf521916e7c&#8221; background_color=&#8221;rgba(0,0,0,0.5)&#8221; width=&#8221;100%&#8221; max_width=&#8221;100%&#8221; custom_margin=&#8221;0px||0px||false|false&#8221; custom_padding=&#8221;20px||20px||false|false&#8221; hover_enabled=&#8221;0&#8243; custom_css_main_element=&#8221;position: absolute;||bottom: 0px;||z-index: 10;&#8221; global_colors_info=&#8221;{}&#8221; sticky_enabled=&#8221;0&#8243;][\/et_pb_cta][\/et_pb_column][et_pb_column type=&#8221;1_5&#8243; _builder_version=&#8221;4.16&#8243; _module_preset=&#8221;default&#8221; background_image=&#8221;https:\/\/www.guidaturisticaosta.it\/wp-content\/uploads\/2020\/10\/Fiera-di-Sant-Orso-1024&#215;683.jpg&#8221; global_colors_info=&#8221;{}&#8221; custom_css_main_element_last_edited=&#8221;on|tablet&#8221; custom_css_main_element_tablet=&#8221;width: 100% !important;&#8221; custom_css_main_element_phone=&#8221;width: 100% !important;&#8221;][et_pb_cta button_url=&#8221;@ET-DC@eyJkeW5hbWljIjp0cnVlLCJjb250ZW50IjoicG9zdF9saW5rX3VybF9wYWdlIiwic2V0dGluZ3MiOnsicG9zdF9pZCI6IjMzMjAifX0=@&#8221; button_text=&#8221;Places of interest&#8221; _builder_version=&#8221;4.16&#8243; _dynamic_attributes=&#8221;button_url&#8221; _module_preset=&#8221;db7ff769-7d37-474f-b73a-faf521916e7c&#8221; background_color=&#8221;rgba(0,0,0,0.5)&#8221; width=&#8221;100%&#8221; max_width=&#8221;100%&#8221; custom_margin=&#8221;0px||0px||false|false&#8221; custom_padding=&#8221;20px||20px||false|false&#8221; custom_css_main_element=&#8221;position: absolute;||bottom: 0px;||z-index: 10;&#8221; global_colors_info=&#8221;{}&#8221;][\/et_pb_cta][\/et_pb_column][\/et_pb_row][et_pb_row _builder_version=&#8221;4.16&#8243; _module_preset=&#8221;default&#8221; parallax=&#8221;on&#8221; global_colors_info=&#8221;{}&#8221;][et_pb_column type=&#8221;4_4&#8243; _builder_version=&#8221;4.16&#8243; _module_preset=&#8221;default&#8221; global_colors_info=&#8221;{}&#8221;][et_pb_image src=&#8221;https:\/\/www.guidaturisticaosta.it\/wp-content\/uploads\/2021\/04\/food-and-wine-2.jpg&#8221; title_text=&#8221;food-and-wine-2&#8243; _builder_version=&#8221;4.16&#8243; _module_preset=&#8221;default&#8221; module_alignment=&#8221;center&#8221; global_colors_info=&#8221;{}&#8221;][\/et_pb_image][et_pb_cta title=&#8221;Food &#038; wine&#8221; button_url=&#8221;@ET-DC@eyJkeW5hbWljIjp0cnVlLCJjb250ZW50IjoicG9zdF9saW5rX3VybF9wYWdlIiwic2V0dGluZ3MiOnsicG9zdF9pZCI6IjI0In19@&#8221; button_text=&#8221;Discover the guided tours&#8221; _builder_version=&#8221;4.16&#8243; _dynamic_attributes=&#8221;button_url&#8221; _module_preset=&#8221;default&#8221; header_font=&#8221;|300|||||||&#8221; body_font=&#8221;|300|||||||&#8221; background_enable_color=&#8221;off&#8221; background_layout=&#8221;light&#8221; custom_padding=&#8221;0px|120px|0px|120px|false|true&#8221; custom_padding_tablet=&#8221;|40px||40px|false|true&#8221; custom_padding_phone=&#8221;|0px||0px|false|true&#8221; custom_padding_last_edited=&#8221;on|tablet&#8221; global_colors_info=&#8221;{}&#8221;]<\/p>\n<p>Taste <strong>food and wine<\/strong> of the Aosta Valley with its four protected designation of origin (PDO) products (Lardo d\u2019Arnad, Jambon de Bosses, Fontina e Fromadzo) and the many <strong>DOC wines<\/strong> produced by the many local wineries<\/p>\n<p>[\/et_pb_cta][\/et_pb_column][\/et_pb_row][\/et_pb_section][et_pb_section fb_built=&#8221;1&#8243; admin_label=&#8221;Recensioni&#8221; _builder_version=&#8221;4.16&#8243; _module_preset=&#8221;default&#8221; background_color=&#8221;#4c4c4c&#8221; collapsed=&#8221;off&#8221; global_colors_info=&#8221;{}&#8221;][et_pb_row _builder_version=&#8221;4.16&#8243; _module_preset=&#8221;default&#8221; custom_padding=&#8221;0px||0px||false|false&#8221; global_colors_info=&#8221;{}&#8221;][et_pb_column type=&#8221;4_4&#8243; _builder_version=&#8221;4.16&#8243; _module_preset=&#8221;default&#8221; global_colors_info=&#8221;{}&#8221;][et_pb_text _builder_version=&#8221;4.16&#8243; _module_preset=&#8221;default&#8221; header_2_font=&#8221;|300|||||||&#8221; header_2_text_color=&#8221;#ffffff&#8221; text_orientation=&#8221;center&#8221; custom_margin=&#8221;||0px||false|false&#8221; custom_padding=&#8221;||0px||false|false&#8221; global_colors_info=&#8221;{}&#8221;]<\/p>\n<h2>Customer reviews<\/h2>\n<p>[\/et_pb_text][et_pb_divider color=&#8221;#c4c4c4&#8243; divider_weight=&#8221;6px&#8221; _builder_version=&#8221;4.16&#8243; _module_preset=&#8221;default&#8221; max_width=&#8221;200px&#8221; module_alignment=&#8221;center&#8221; height=&#8221;6px&#8221; custom_margin=&#8221;0px||25px||false|false&#8221; custom_padding=&#8221;0px||0px||false|false&#8221; locked=&#8221;off&#8221; global_colors_info=&#8221;{}&#8221;][\/et_pb_divider][et_pb_text _builder_version=&#8221;4.16&#8243; _module_preset=&#8221;default&#8221; text_text_color=&#8221;rgba(255,255,255,0.7)&#8221; header_2_font=&#8221;|300|||||||&#8221; header_2_text_color=&#8221;rgba(255,255,255,0.7)&#8221; header_2_font_size=&#8221;28px&#8221; header_4_font=&#8221;|600|||||||&#8221; header_4_text_color=&#8221;rgba(255,255,255,0.5)&#8221; header_4_font_size=&#8221;19px&#8221; text_orientation=&#8221;center&#8221; background_layout=&#8221;dark&#8221; width=&#8221;100%&#8221; max_width=&#8221;100%&#8221; custom_margin=&#8221;40px||||false|false&#8221; custom_padding=&#8221;15px|15px|15px|15px|false|false&#8221; text_font_size_tablet=&#8221;16px&#8221; text_font_size_phone=&#8221;14px&#8221; text_font_size_last_edited=&#8221;on|phone&#8221; border_radii=&#8221;on|7px|7px|7px|7px&#8221; border_width_all=&#8221;1px&#8221; border_color_all=&#8221;rgba(255,255,255,0.25)&#8221; global_colors_info=&#8221;{}&#8221; header_4_text_color__hover_enabled=&#8221;on|desktop&#8221; header_4_text_color__hover=&#8221;#197dff&#8221;]<\/p>\n<div class=\"owl-carousel\"><div class=\"cpt_container_DG\"><div class=\"carousel_data_container_DG\"><h2>Rotary Settimo Torinese<\/h2><div class=\"star_container_DG\"><span class=\"dashicons dashicons-star-filled\"><\/span><span class=\"dashicons dashicons-star-filled\"><\/span><span class=\"dashicons dashicons-star-filled\"><\/span><span class=\"dashicons dashicons-star-filled\"><\/span><span class=\"dashicons dashicons-star-empty\"><\/span><\/div><a href=\"https:\/\/www.google.com\/maps\/contrib\/104731473023961599427\/reviews?hl=it\" target=\"_blank\" rel=\"noopener\"><h4>Recensione google<\/h4><\/a><p><span id=\"TBiyHc\">Ringraziamo la dottoressa Bacolla per averci accompagnato<strong> 2 giorni in visita ai castelli della Valle D\u2019Aosta<\/strong>. E\u2019 una guida <strong>molto preparata e professionale<\/strong> ha argomentato in maniera pi\u00f9 che esaustiva la storia e anche aneddoti interessanti legati ai castelli.\r\nMolto disponibile anche nella fase di definizione del programma.\r\nSuper consigliata! Grazie per averci accompagnato sicuramente sar\u00e0 un riferimento in Valle per future visite<\/span><\/p><\/div><\/div><div class=\"cpt_container_DG\"><div class=\"carousel_data_container_DG\"><h2>Agence de voyage fran\u00e7aise<\/h2><div class=\"star_container_DG\"><span class=\"dashicons dashicons-star-filled\"><\/span><span class=\"dashicons dashicons-star-filled\"><\/span><span class=\"dashicons dashicons-star-filled\"><\/span><span class=\"dashicons dashicons-star-filled\"><\/span><span class=\"dashicons dashicons-star-filled\"><\/span><\/div><a href=\"\" target=\"_blank\"><h4><\/h4><\/a><p>Le groupe beaucoup appr\u00e9ci\u00e9 leur journ\u00e9e et particuli\u00e8rement la visite du <strong>ch\u00e2teau de Fenis<\/strong>. Ils ont trouv\u00e9 vos <strong>explications passionnantes et tr\u00e8s claires<\/strong> et vous remercient.<\/p><\/div><\/div><div class=\"cpt_container_DG\"><div class=\"carousel_data_container_DG\"><h2>Roberta &#8211; Partecipante ad un evento<\/h2><div class=\"star_container_DG\"><span class=\"dashicons dashicons-star-filled\"><\/span><span class=\"dashicons dashicons-star-filled\"><\/span><span class=\"dashicons dashicons-star-filled\"><\/span><span class=\"dashicons dashicons-star-filled\"><\/span><span class=\"dashicons dashicons-star-filled\"><\/span><\/div><a href=\"https:\/\/www.google.com\/maps\/contrib\/117892456502013494855\/reviews?hl=it-IT\" target=\"_blank\" rel=\"noopener\"><h4>Recensione google<\/h4><\/a><p>Abbiamo fatto una <strong>visita guidata a Donnas in occasione della Fiera di S.Orso<\/strong> accompagnati dalla guida Sig.ra Francesca, la quale si \u00e8 dimostrata <strong>molto preparata, coinvolgente e professionale<\/strong>, ci ha accompagnati alla scoperta dei \"tesori\" del Borgo spiegandoci tutto nei minimi particolari. Grazie!!!<\/p><\/div><\/div><div class=\"cpt_container_DG\"><div class=\"carousel_data_container_DG\"><h2>Maurizia &#8211; Titolare agenzia di viaggi<\/h2><div class=\"star_container_DG\"><span class=\"dashicons dashicons-star-filled\"><\/span><span class=\"dashicons dashicons-star-filled\"><\/span><span class=\"dashicons dashicons-star-filled\"><\/span><span class=\"dashicons dashicons-star-filled\"><\/span><span class=\"dashicons dashicons-star-filled\"><\/span><\/div><a href=\"\" target=\"_blank\"><h4><\/h4><\/a><p>Ti ringrazio di cuore per le belle giornate che abbiamo trascorso in tua compagnia. La tua <strong>professionalit\u00e0<\/strong> e il tuo <strong>carattere positivo<\/strong> ci hanno permesso di fare <strong>esperienze fantastiche<\/strong> che, probabilmente, tanti clienti non su sarebbero immaginati di riuscire a fare!! Tutti felici ti ringraziano assieme a me!!  <\/p><\/div><\/div><div class=\"cpt_container_DG\"><div class=\"carousel_data_container_DG\"><h2>Susanna &#8211; Titolare Agenzia Viaggi<\/h2><div class=\"star_container_DG\"><span class=\"dashicons dashicons-star-filled\"><\/span><span class=\"dashicons dashicons-star-filled\"><\/span><span class=\"dashicons dashicons-star-filled\"><\/span><span class=\"dashicons dashicons-star-filled\"><\/span><span class=\"dashicons dashicons-star-filled\"><\/span><\/div><a href=\"https:\/\/www.google.com\/maps\/contrib\/103378869361686773356\/place\/ChIJVUOKEKmkiEcRWKaAravwo1g\/@45.7114285,6.5632326,8z\/data=!4m6!1m5!8m4!1e1!2s103378869361686773356!3m1!1e1?hl=it&amp;entry=ttu&amp;g_ep=EgoyMDI1MDIwNS4xIKXMDSoASAFQAw%3D%3D\" target=\"_blank\" rel=\"noopener\"><h4>Recensione google<\/h4><\/a><p>Francesca ci ha accompagnato in modo splendido nella scoperta di A<strong>osta e dei castelli limitrofi durante la Fiera di Sant'Orso<\/strong>. Abbiamo trascorso con lei 3 giorni speciali. Grazie!!<\/p><\/div><\/div><div class=\"cpt_container_DG\"><div class=\"carousel_data_container_DG\"><h2>Cristiana &#8211; Tour privato<\/h2><div class=\"star_container_DG\"><span class=\"dashicons dashicons-star-filled\"><\/span><span class=\"dashicons dashicons-star-filled\"><\/span><span class=\"dashicons dashicons-star-filled\"><\/span><span class=\"dashicons dashicons-star-filled\"><\/span><span class=\"dashicons dashicons-star-filled\"><\/span><\/div><a href=\"https:\/\/www.google.com\/maps\/contrib\/110561947569544820646\/place\/ChIJVUOKEKmkiEcRWKaAravwo1g\/@43.4523432,11.0660891,7z\/data=!4m6!1m5!8m4!1e1!2s110561947569544820646!3m1!1e1?hl=it&amp;entry=ttu&amp;g_ep=EgoyMDI0MTExOS4yIKXMDSoASAFQAw%3D%3D\" target=\"_blank\" rel=\"noopener\"><h4>Recensione google<\/h4><\/a><p>Una fredda mattina ad Aosta, con la neve, nell'aria l'approssimarsi delle feste,abbiamo avuto il piacere di essere accompagnati da Francesca, in una <strong>bella ed interessante visita di Aosta<\/strong>,ci ha peremsso di scoprire molte cose sulla citta'. Francesca e' molto competente e molto coinvolgente, sicuramente ha fatto la differenza in senso positivo,<strong>vedere una citta' con una guida fa la differenza<\/strong>.<\/p><\/div><\/div><div class=\"cpt_container_DG\"><div class=\"carousel_data_container_DG\"><h2>Sabrina &#8211; Capogruppo<\/h2><div class=\"star_container_DG\"><span class=\"dashicons dashicons-star-filled\"><\/span><span class=\"dashicons dashicons-star-filled\"><\/span><span class=\"dashicons dashicons-star-filled\"><\/span><span class=\"dashicons dashicons-star-filled\"><\/span><span class=\"dashicons dashicons-star-filled\"><\/span><\/div><a href=\"https:\/\/www.google.com\/maps\/contrib\/104153143968903922460\/reviews\/@43.5282141,11.0670847,7z\/data=!3m1!4b1!4m3!8m2!3m1!1e1?hl=it&amp;entry=ttu\" target=\"_blank\" rel=\"noopener\"><h4>Recensione google<\/h4><\/a><p>Francesca ha accompagnato il nostro numeroso gruppo in un <strong>itinerario di 4 giorni<\/strong> alla scoperta delle bellezze della Valle D\u2019Aosta. Paziente, disponibile e competente. <strong>Ha accolto tutte le esigenze del gruppo<\/strong>, che nel nostro caso era eterogeneo per et\u00e0, e ha reso le visite piacevoli per tutti!<\/p><\/div><\/div><div class=\"cpt_container_DG\"><div class=\"carousel_data_container_DG\"><h2>Luciana &#8211; Insegnante scuola primaria<\/h2><div class=\"star_container_DG\"><span class=\"dashicons dashicons-star-filled\"><\/span><span class=\"dashicons dashicons-star-filled\"><\/span><span class=\"dashicons dashicons-star-filled\"><\/span><span class=\"dashicons dashicons-star-filled\"><\/span><span class=\"dashicons dashicons-star-filled\"><\/span><\/div><a href=\"https:\/\/www.google.com\/maps\/contrib\/108783750635713121240\/reviews\/@43.1224207,12.4872153,7z\/data=!3m1!4b1!4m3!8m2!3m1!1e1?entry=ttu\" target=\"_blank\" rel=\"noopener\"><h4>Recensione google<\/h4><\/a><p>Abbiamo avuto il piacere di essere accompagnate, nella <strong>visita di Aosta romana e strada delle Gallie a Donnas<\/strong>, da Francesca guida turistica <strong>preparata, disponibile e gentile<\/strong>. Consigliamo vivamente il suo intervento sia per scolaresche che per privati.<\/p><\/div><\/div><div class=\"cpt_container_DG\"><div class=\"carousel_data_container_DG\"><h2>Titolare agenzia viaggi austrica<\/h2><div class=\"star_container_DG\"><span class=\"dashicons dashicons-star-filled\"><\/span><span class=\"dashicons dashicons-star-filled\"><\/span><span class=\"dashicons dashicons-star-filled\"><\/span><span class=\"dashicons dashicons-star-filled\"><\/span><span class=\"dashicons dashicons-star-filled\"><\/span><\/div><a href=\"\" target=\"_blank\"><h4><\/h4><\/a><p>Liebe Francesca,\r\nvielen Dank, dass Du auch in diesem Jahr wieder unsere Gruppen so toll <strong>durch Aosta<\/strong> gef\u00fchrt hast. Bei Dir wei\u00df ich, dass unsere G\u00e4ste bestens aufgehoben sind. Bitte bleib so wie du bist!\r\n<\/p><\/div><\/div><div class=\"cpt_container_DG\"><div class=\"carousel_data_container_DG\"><h2>Titolare Agenzia di Viaggi<\/h2><div class=\"star_container_DG\"><span class=\"dashicons dashicons-star-filled\"><\/span><span class=\"dashicons dashicons-star-filled\"><\/span><span class=\"dashicons dashicons-star-filled\"><\/span><span class=\"dashicons dashicons-star-filled\"><\/span><span class=\"dashicons dashicons-star-filled\"><\/span><\/div><a href=\"https:\/\/www.google.com\/maps\/contrib\/104500020041303648379\/place\/ChIJVUOKEKmkiEcRWKaAravwo1g\/@44.800709,9.0546733,8z\/data=!4m6!1m5!8m4!1e1!2s104500020041303648379!3m1!1e1?hl=it&amp;entry=ttu\" target=\"_blank\" rel=\"noopener\"><h4>Recensione Google<\/h4><\/a><p>Francesca \u00e8 stata la guida per il nostro gruppo per due giorni in Valle d'Aosta. Conoscenze, competenze, disponibilit\u00e0, simpatia e cordialit\u00e0 sono stati apprezzati da tutti, dal pi\u00f9 piccolo al meno giovane del gruppo. Una garanzia per fare un'ottima figura con i clienti.<\/p><\/div><\/div><div class=\"cpt_container_DG\"><div class=\"carousel_data_container_DG\"><h2>Anna &#8211; Professoressa Scuola secondaria<\/h2><div class=\"star_container_DG\"><span class=\"dashicons dashicons-star-filled\"><\/span><span class=\"dashicons dashicons-star-filled\"><\/span><span class=\"dashicons dashicons-star-filled\"><\/span><span class=\"dashicons dashicons-star-filled\"><\/span><span class=\"dashicons dashicons-star-filled\"><\/span><\/div><a href=\"https:\/\/www.google.com\/maps\/contrib\/104474335685499770286\/place\/ChIJVUOKEKmkiEcRWKaAravwo1g\/@45.7114285,7.3212893,9z\/data=!4m6!1m5!8m4!1e1!2s104474335685499770286!3m1!1e1?hl=it\" target=\"_blank\" rel=\"noopener\"><h4>Recensione google<\/h4><\/a><p>In viaggio di istruzione con gli <strong>alunni di prima media<\/strong> al <strong>Castello di Issogne e al Forte di Bard<\/strong>, la guida Francesca \u00e8 stata molto disponibile, chiara nelle spiegazioni e accogliente con tutti noi. Davvero brava. Consiglio a tutti questa visita con la guida Francesca.<\/p><\/div><\/div><div class=\"cpt_container_DG\"><div class=\"carousel_data_container_DG\"><h2>Private tour<\/h2><div class=\"star_container_DG\"><span class=\"dashicons dashicons-star-filled\"><\/span><span class=\"dashicons dashicons-star-filled\"><\/span><span class=\"dashicons dashicons-star-filled\"><\/span><span class=\"dashicons dashicons-star-filled\"><\/span><span class=\"dashicons dashicons-star-filled\"><\/span><\/div><a href=\"https:\/\/www.google.it\/search?q=guida+turistica+aosta&amp;biw=1600&amp;bih=747&amp;tbm=lcl&amp;ei=O2EvY7aoMOyDxc8PjsqQoAU&amp;ved=0ahUKEwj2saqrm676AhXsQfEDHQ4lBFQQ4dUDCAg&amp;uact=5&amp;oq=guida+turistica+aosta&amp;gs_lcp=Cg1nd3Mtd2l6LWxvY2FsEAMyBQgAEIAEMgUIABCABDIGCAAQHhAHMgYIABAeEAcyAggmMgIIJjoGCAAQHhAFOgYIABAeEAg6CAgAEB4QCBAHOgQIABANOggIABAeEA0QBToICAAQHhAIEA1QgghYvBJgwhNoAHAAeACAAcUBiAG1CJIBAzkuMpgBAKABAcABAQ&amp;sclient=gws-wiz-local#rlfi=hd:;si:6387213316682458712,l,ChVndWlkYSB0dXJpc3RpY2EgYW9zdGFaFyIVZ3VpZGEgdHVyaXN0aWNhIGFvc3RhkgEXc2lnaHRzZWVpbmdfdG91cl9hZ2VuY3maASNDaFpEU1VoTk1HOW5TMFZKUTBGblNVUlphbkZRU1VkQkVBRaoBFxABKhMiD2d1aWRhIHR1cmlzdGljYSgH;mv:[[45.78832976547706,8.016861165039074],[45.64642313923108,7.6117403154297],null,[45.7174214997363,7.814300740234388],12]\" target=\"_blank\" rel=\"noopener\"><h4>Recensione google<\/h4><\/a><p>My wife and I had a <strong>private tour of Aosta<\/strong> with Francesca. The tour covered the ancient, medieval and more modern history of Aosta and brought us to some really beautiful buildings. Thanks to the tour we had a much better insight into the city than we would have had otherwise. Francesca was also a very friendly person and good company during the tour, and also gave us some useful tips for the other days of our holiday. Recommended!<\/p><\/div><\/div><div class=\"cpt_container_DG\"><div class=\"carousel_data_container_DG\"><h2>Cliente di un&#8217;agenzia viaggi<\/h2><div class=\"star_container_DG\"><span class=\"dashicons dashicons-star-filled\"><\/span><span class=\"dashicons dashicons-star-filled\"><\/span><span class=\"dashicons dashicons-star-filled\"><\/span><span class=\"dashicons dashicons-star-filled\"><\/span><span class=\"dashicons dashicons-star-filled\"><\/span><\/div><a href=\"\" target=\"_blank\"><h4><\/h4><\/a><p>Un percorso veramente insolito al <strong>Castello di Cly<\/strong> per ammirare \"due chicche valdostane\" che ancora non conoscevo e che ho avuto modo di apprezzare ancora di pi\u00f9 grazie alle esaustive spiegazioni della guida Francesca, tutto molto interessante sia dal punto di vista storico, artistico e anche paesaggistico.<\/p><\/div><\/div><div class=\"cpt_container_DG\"><div class=\"carousel_data_container_DG\"><h2>Giulia &#8211; Insegnante scuola primaria<\/h2><div class=\"star_container_DG\"><span class=\"dashicons dashicons-star-filled\"><\/span><span class=\"dashicons dashicons-star-filled\"><\/span><span class=\"dashicons dashicons-star-filled\"><\/span><span class=\"dashicons dashicons-star-filled\"><\/span><span class=\"dashicons dashicons-star-filled\"><\/span><\/div><a href=\"https:\/\/www.google.com\/maps\/contrib\/115584592912833962621\/place\/ChIJVUOKEKmkiEcRWKaAravwo1g\/@45.7114285,7.881592,17z\/data=!4m6!1m5!8m4!1e2!2s115584592912833962621!3m1!1e1?hl=it\" target=\"_blank\" rel=\"noopener\"><h4>Recensione su Google<\/h4><\/a><p>Abbiamo effettuato una <strong>gita scolastica ad Aosta<\/strong> e Francesca ci ha guidato alla scoperta dei principali siti romani, coinvolgendo insegnanti e bambini, e passeggiando per le vie della citt\u00e0. Nel pomeriggio abbiamo visitato l'<strong>acquedotto di Pondel<\/strong> dove Francesca ha utilizzato il <strong>Kamishibai per narrare ai bambini la storia dell'acquedotto<\/strong>. \r\nConsigliatissima, professionale e disponibile!<\/p><\/div><\/div><div class=\"cpt_container_DG\"><div class=\"carousel_data_container_DG\"><h2>Cliente di una Agenzia Viaggi<\/h2><div class=\"star_container_DG\"><span class=\"dashicons dashicons-star-filled\"><\/span><span class=\"dashicons dashicons-star-filled\"><\/span><span class=\"dashicons dashicons-star-filled\"><\/span><span class=\"dashicons dashicons-star-filled\"><\/span><span class=\"dashicons dashicons-star-filled\"><\/span><\/div><a href=\"\" target=\"_blank\"><h4><\/h4><\/a><p>Gita perfetta! Pienamente soddisfatta dei servizi proposti, un plauso alla guida Francesca per la sua professionalit\u00e0, gentilezza e simpatia. Ci ha anche omaggiato di due visite fuori programma , la latteria turnaria  e la prima centrale idroelettrica ad <strong>Etroubles<\/strong> che ha arricchito il tour ed \u00e8 stata graditissima dal gruppo. Da ripetere!  <\/p><\/div><\/div><div class=\"cpt_container_DG\"><div class=\"carousel_data_container_DG\"><h2>Ester \u2013 Capogruppo<\/h2><div class=\"star_container_DG\"><span class=\"dashicons dashicons-star-filled\"><\/span><span class=\"dashicons dashicons-star-filled\"><\/span><span class=\"dashicons dashicons-star-filled\"><\/span><span class=\"dashicons dashicons-star-filled\"><\/span><span class=\"dashicons dashicons-star-filled\"><\/span><\/div><a href=\"https:\/\/www.google.com\/maps\/contrib\/117101006452376311425\/reviews?hl=it-IT&amp;sa=X&amp;ved=2ahUKEwiSisetqLfkAhVQA2MBHRgSDxkQvvQBegQIARAY\" target=\"_blank\" rel=\"noopener\"><h4>Recensione su google<\/h4><\/a><p>Abbiamo concordato l'itinerario con la guida Francesca. Quest'ultima \u00e8 stata veramente una guida preziosa : puntuale, preparata, ottima storica, precisa nelle conoscenze artistiche, affabile con tutti, pronta a venire incontro a qualsiasi richiesta. E' stata una bellissima esperienza e abbiamo cos\u00ec conosciuto <strong>Aosta romana e medievale<\/strong> moderna nelle sue manifestazioni. Interessantissimo poi \u00e8 stata la visita al <strong>Castello di Fenis<\/strong> la cui descrizione \u00e8 stata anche arricchita da piccole leggende locali. Tutto questo ha reso la giornata veramente simpatica e speciale.<\/p><\/div><\/div><div class=\"cpt_container_DG\"><div class=\"carousel_data_container_DG\"><h2>Silvia \u2013 Tour privato<\/h2><div class=\"star_container_DG\"><span class=\"dashicons dashicons-star-filled\"><\/span><span class=\"dashicons dashicons-star-filled\"><\/span><span class=\"dashicons dashicons-star-filled\"><\/span><span class=\"dashicons dashicons-star-filled\"><\/span><span class=\"dashicons dashicons-star-filled\"><\/span><\/div><a href=\"https:\/\/www.google.com\/maps\/contrib\/100268124736533036114\/reviews\/@45.7114285,7.881592,17z\/data=!3m1!4b1!4m3!8m2!3m1!1e1?hl=it-IT\" target=\"_blank\" rel=\"noopener\"><h4>Recensione su Google<\/h4><\/a><p>Francesca si presenta con un sorriso acceso e una stretta di mano calorosa, che ispirano fiducia e professionalit\u00e0. Con il suo entusiasmo e competenza ha reso oltre che interessanti anche avvincenti le nostre <strong>visite alla citt\u00e0 di Aosta e al Forte di Bard<\/strong>, rispondendo prontamente a nostre domande e curiosit\u00e0. La consigliamo senz'altro per chi cerca una guida preparata e coinvolgente in Valle d'Aosta.<\/p><\/div><\/div><div class=\"cpt_container_DG\"><div class=\"carousel_data_container_DG\"><h2>Elisa -Tour privato<\/h2><div class=\"star_container_DG\"><span class=\"dashicons dashicons-star-filled\"><\/span><span class=\"dashicons dashicons-star-filled\"><\/span><span class=\"dashicons dashicons-star-filled\"><\/span><span class=\"dashicons dashicons-star-filled\"><\/span><span class=\"dashicons dashicons-star-filled\"><\/span><\/div><a href=\"https:\/\/www.google.com\/maps\/contrib\/106084115375864953681\/reviews?hl=it-IT&amp;sa=X&amp;ved=2ahUKEwihwb35l_rgAhUpsKQKHRwjB_4QvvQBegQIARAO\" target=\"_blank\" rel=\"noopener\"><h4>Recensione su Google<\/h4><\/a><p>Abbiamo passato una bellissima giornata con la bravissima guida Francesca. Con le sue conoscenze e soprattutto con la sua passione ha saputo coinvolgerci e rendere il <strong>tour dei castelli semplicemente unico<\/strong>! Se vi capita di passare in Valle d'Aosta \u00e8 la guida perfetta per trascorrere una giornata davvero piacevole!<\/p><\/div><\/div><div class=\"cpt_container_DG\"><div class=\"carousel_data_container_DG\"><h2>Eli\u00e0s &#8211; Tour Leader<\/h2><div class=\"star_container_DG\"><span class=\"dashicons dashicons-star-filled\"><\/span><span class=\"dashicons dashicons-star-filled\"><\/span><span class=\"dashicons dashicons-star-filled\"><\/span><span class=\"dashicons dashicons-star-filled\"><\/span><span class=\"dashicons dashicons-star-filled\"><\/span><\/div><a href=\"https:\/\/www.google.com\/maps\/contrib\/116934796840968887032\/reviews\/@40.0568453,21.8735915,5z\/data=!3m1!4b1!4m3!8m2!3m1!1e1\" target=\"_blank\" rel=\"noopener\"><h4>Recensione su Google<\/h4><\/a><p>Francesca has proved to be both a most knowledgeable guide and a laid back and charming person at the same time. She is always ready to crack a joke and have a laugh. That is why her future passengers will surely enjoy being guided by her. Just as my group of 34 passengers did.<\/p><\/div><\/div><\/div><script>\n\t\tjQuery(function() {\n\t\t\tjQuery(\".owl-carousel\").owlCarousel({\n\t\t\tloop: true,\n\t\t\tmargin: 20,\n\t\t\tnav: false,\n\t\t\tautoplay:true,\n\t\t\tautoplayTimeout:5000,\n\t\t\tautoplayHoverPause:true,\n\t\t\t\n\t\t\tresponsive:{\n\t\t\t\t0:{\n            \titems:1\n\t\t\t\t},\n\t\t\t\t480:{\n\t\t\t\titems:1\n\t\t\t\t},\n\t\t\t\t980:{\n\t\t\t\titems:1\n\t\t\t\t}\n\t\t\t}\n\t\t\t})\n\t\t});\n\t\t<\/script>\n<p>[\/et_pb_text][\/et_pb_column][\/et_pb_row][\/et_pb_section][et_pb_section fb_built=&#8221;1&#8243; disabled_on=&#8221;on|on|on&#8221; admin_label=&#8221;Blog&#8221; _builder_version=&#8221;4.27.4&#8243; _module_preset=&#8221;default&#8221; background_color=&#8221;#f0f5f8&#8243; box_shadow_style=&#8221;preset6&#8243; box_shadow_vertical=&#8221;47px&#8221; box_shadow_spread=&#8221;-32px&#8221; disabled=&#8221;on&#8221; collapsed=&#8221;off&#8221; global_colors_info=&#8221;{}&#8221;][et_pb_row disabled_on=&#8221;off|off|off&#8221; _builder_version=&#8221;4.27.4&#8243; _module_preset=&#8221;default&#8221; global_colors_info=&#8221;{}&#8221;][et_pb_column type=&#8221;4_4&#8243; _builder_version=&#8221;4.16&#8243; _module_preset=&#8221;default&#8221; global_colors_info=&#8221;{}&#8221;][et_pb_text _builder_version=&#8221;4.16&#8243; _module_preset=&#8221;default&#8221; header_2_font=&#8221;|300|||||||&#8221; header_2_text_align=&#8221;center&#8221; header_2_font_size=&#8221;40px&#8221; global_colors_info=&#8221;{}&#8221;]<\/p>\n<h2>Latest articles<\/h2>\n<p>[\/et_pb_text][et_pb_blog fullwidth=&#8221;off&#8221; posts_number=&#8221;3&#8243; include_categories=&#8221;20&#8243; meta_date=&#8221;j F Y&#8221; show_more=&#8221;on&#8221; show_author=&#8221;off&#8221; show_date=&#8221;off&#8221; show_pagination=&#8221;off&#8221; use_overlay=&#8221;on&#8221; overlay_icon_color=&#8221;#f0f5f8&#8243; hover_overlay_color=&#8221;rgba(21,50,77,0.5)&#8221; hover_icon=&#8221;&#x50;||divi||400&#8243; module_class=&#8221;DG_read_more&#8221; _builder_version=&#8221;4.16&#8243; _module_preset=&#8221;default&#8221; header_text_color=&#8221;#1f4c73&#8243; meta_font=&#8221;|300|||||||&#8221; border_radii=&#8221;on|18px|18px|18px|18px&#8221; border_width_all=&#8221;0px&#8221; box_shadow_style=&#8221;preset3&#8243; global_colors_info=&#8221;{}&#8221;][\/et_pb_blog][et_pb_button button_url=&#8221;@ET-DC@eyJkeW5hbWljIjp0cnVlLCJjb250ZW50IjoicG9zdF9saW5rX3VybF9wYWdlIiwic2V0dGluZ3MiOnsicG9zdF9pZCI6Ijk3OSJ9fQ==@&#8221; button_text=&#8221;See all articles&#8221; button_alignment=&#8221;center&#8221; _builder_version=&#8221;4.16&#8243; _dynamic_attributes=&#8221;button_url&#8221; _module_preset=&#8221;default&#8221; global_colors_info=&#8221;{}&#8221;][\/et_pb_button][et_pb_text admin_label=&#8221;Crediti&#8221; _builder_version=&#8221;4.16&#8243; _dynamic_attributes=&#8221;content&#8221; _module_preset=&#8221;default&#8221; text_font_size=&#8221;12px&#8221; text_orientation=&#8221;right&#8221; custom_margin=&#8221;0px||0px||false|false&#8221; custom_padding=&#8221;0px||0px||false|false&#8221; saved_tabs=&#8221;all&#8221; global_colors_info=&#8221;{}&#8221;]@ET-DC@eyJkeW5hbWljIjp0cnVlLCJjb250ZW50IjoiY3VzdG9tX21ldGFfY3JlZGl0aSIsInNldHRpbmdzIjp7ImJlZm9yZSI6IiIsImFmdGVyIjoiIiwiZW5hYmxlX2h0bWwiOiJvZmYifX0=@[\/et_pb_text][\/et_pb_column][\/et_pb_row][\/et_pb_section]<\/p>\n","protected":false},"excerpt":{"rendered":"<p>[et_pb_section fb_built=&#8221;1&#8243; admin_label=&#8221;Slider&#8221; _builder_version=&#8221;4.16&#8243; _module_preset=&#8221;default&#8221; use_background_color_gradient=&#8221;on&#8221; background_color_gradient_stops=&#8221;rgba(0,0,0,0) 69%|rgba(0,0,0,0.7) 100%&#8221; background_color_gradient_overlays_image=&#8221;on&#8221; background_color_gradient_start=&#8221;rgba(0,0,0,0)&#8221; background_color_gradient_start_position=&#8221;69%&#8221; background_color_gradient_end=&#8221;rgba(0,0,0,0.7)&#8221; background_image=&#8221;https:\/\/www.guidaturisticaosta.it\/wp-content\/uploads\/2020\/10\/Chiesa-di-Sant-Orso.jpg&#8221; height=&#8221;60vh&#8221; custom_padding=&#8221;0px||0px||false|false&#8221; bottom_divider_color=&#8221;rgba(0,0,0,0.5)&#8221; bottom_divider_height=&#8221;350px&#8221; bottom_divider_flip=&#8221;horizontal&#8221; collapsed=&#8221;off&#8221; [&hellip;]<\/p>\n","protected":false},"author":1,"featured_media":0,"parent":0,"menu_order":9,"comment_status":"closed","ping_status":"closed","template":"","meta":{"_acf_changed":false,"_et_pb_use_builder":"on","_et_pb_old_content":"","_et_gb_content_width":"","footnotes":""},"page_category":[],"class_list":["post-16910","page","type-page","status-publish","hentry"],"acf":[],"_links":{"self":[{"href":"https:\/\/www.guidaturisticaosta.it\/en\/wp-json\/wp\/v2\/pages\/16910","targetHints":{"allow":["GET"]}}],"collection":[{"href":"https:\/\/www.guidaturisticaosta.it\/en\/wp-json\/wp\/v2\/pages"}],"about":[{"href":"https:\/\/www.guidaturisticaosta.it\/en\/wp-json\/wp\/v2\/types\/page"}],"author":[{"embeddable":true,"href":"https:\/\/www.guidaturisticaosta.it\/en\/wp-json\/wp\/v2\/users\/1"}],"replies":[{"embeddable":true,"href":"https:\/\/www.guidaturisticaosta.it\/en\/wp-json\/wp\/v2\/comments?post=16910"}],"version-history":[{"count":17,"href":"https:\/\/www.guidaturisticaosta.it\/en\/wp-json\/wp\/v2\/pages\/16910\/revisions"}],"predecessor-version":[{"id":22223,"href":"https:\/\/www.guidaturisticaosta.it\/en\/wp-json\/wp\/v2\/pages\/16910\/revisions\/22223"}],"wp:attachment":[{"href":"https:\/\/www.guidaturisticaosta.it\/en\/wp-json\/wp\/v2\/media?parent=16910"}],"wp:term":[{"taxonomy":"page_category","embeddable":true,"href":"https:\/\/www.guidaturisticaosta.it\/en\/wp-json\/wp\/v2\/page_category?post=16910"}],"curies":[{"name":"wp","href":"https:\/\/api.w.org\/{rel}","templated":true}]}}