{"id":21880,"date":"2020-10-22T12:36:19","date_gmt":"2020-10-22T10:36:19","guid":{"rendered":"https:\/\/www.guidaturisticaosta.it\/luoghi_visite\/porta-praetoria\/"},"modified":"2025-11-22T14:58:50","modified_gmt":"2025-11-22T13:58:50","slug":"porte-pretorienne","status":"publish","type":"luoghi_visite","link":"https:\/\/www.guidaturisticaosta.it\/fr\/luoghi_visite\/porte-pretorienne\/","title":{"rendered":"Porte Pr\u00e9torienne"},"content":{"rendered":"<h2>Informations sur la Porte Pr\u00e9torienne<\/h2>\n<p>La Porte Pr\u00e9torienne \u00e9tait l\u2019une des quatre portes d\u2019acc\u00e8s \u00e0 la ville et c\u2019est la seule qui se soit parfaitement conserv\u00e9e jusqu\u2019\u00e0 aujourd\u2019hui. Elle constituait l\u2019entr\u00e9e monumentale de la ville romaine d\u2019Aoste et se composait de deux tours, d\u2019une cour int\u00e9rieure et, comme aujourd\u2019hui, de trois arcades : celle du centre r\u00e9serv\u00e9 aux chars et les deux lat\u00e9rales aux pi\u00e9tons.<\/p>\n<p>La Porte Pr\u00e9torienne d\u2019Aoste, comme tous les autres monuments d\u2019\u00e9poque romaine, fut construite en puddinga, mais durant la seconde moiti\u00e9 du Ier si\u00e8cle apr. J.-C., le monument subit un remodelage avec la pose de marbre vert bardiglio, provenant des carri\u00e8res d\u2019Aymavilles, et de marbre blanc de Carrare.<\/p>\n<p>Au Moyen \u00c2ge, l\u2019une des tours fut habit\u00e9e par la puissante famille de Port Sancti Ursi, qui percevait un p\u00e9age de tous ceux qui y passaient, et y \u00e9rigea une chapelle d\u00e9di\u00e9e \u00e0 la Sainte Trinit\u00e9, d\u00e9truite lors des travaux de restauration \u00e0 l\u2019\u00e9poque fasciste.<\/p>\n<p>Aujourd\u2019hui encore, la Porte Pr\u00e9torienne constitue l\u2019entr\u00e9e du <strong>centre historique d\u2019Aoste<\/strong> et demeure l\u2019un des monuments les plus importants de la ville.<\/p>\n<p>D\u00e9couvrez la <strong>visite guid\u00e9e<\/strong> li\u00e9e \u00e0 l\u2019<strong><a href=\"https:\/\/www.guidaturisticaosta.it\/fr\/visite\/aoste-romaine-et-medievale\/\" target=\"_blank\">Aoste romaine et m\u00e9di\u00e9vale<\/a><\/strong>.<\/p>\n","protected":false},"featured_media":21881,"template":"","class_list":["post-21880","luoghi_visite","type-luoghi_visite","status-publish","has-post-thumbnail","hentry"],"acf":[],"_links":{"self":[{"href":"https:\/\/www.guidaturisticaosta.it\/fr\/wp-json\/wp\/v2\/luoghi_visite\/21880","targetHints":{"allow":["GET"]}}],"collection":[{"href":"https:\/\/www.guidaturisticaosta.it\/fr\/wp-json\/wp\/v2\/luoghi_visite"}],"about":[{"href":"https:\/\/www.guidaturisticaosta.it\/fr\/wp-json\/wp\/v2\/types\/luoghi_visite"}],"wp:featuredmedia":[{"embeddable":true,"href":"https:\/\/www.guidaturisticaosta.it\/fr\/wp-json\/wp\/v2\/media\/21881"}],"wp:attachment":[{"href":"https:\/\/www.guidaturisticaosta.it\/fr\/wp-json\/wp\/v2\/media?parent=21880"}],"curies":[{"name":"wp","href":"https:\/\/api.w.org\/{rel}","templated":true}]}}