{"id":21604,"date":"2021-02-11T16:20:44","date_gmt":"2021-02-11T15:20:44","guid":{"rendered":"https:\/\/www.guidaturisticaosta.it\/francesca-bacolla-guida-turistica-valle-daosta\/"},"modified":"2025-12-05T08:49:17","modified_gmt":"2025-12-05T07:49:17","slug":"francesca-bacolla-guide-conferencier-vallee-daoste","status":"publish","type":"page","link":"https:\/\/www.guidaturisticaosta.it\/fr\/francesca-bacolla-guide-conferencier-vallee-daoste\/","title":{"rendered":"Francesca Bacolla &#8211; Guide Conf\u00e9rencier Vall\u00e9e d&rsquo;Aoste"},"content":{"rendered":"<p>[et_pb_section fb_built=\u00a0\u00bb1&Prime; admin_label=\u00a0\u00bbSlider\u00a0\u00bb _builder_version=\u00a0\u00bb4.16&Prime; _dynamic_attributes=\u00a0\u00bbbackground_image\u00a0\u00bb _module_preset=\u00a0\u00bbdefault\u00a0\u00bb use_background_color_gradient=\u00a0\u00bbon\u00a0\u00bb background_color_gradient_stops=\u00a0\u00bbrgba(0,0,0,0) 69%|rgba(0,0,0,0.7) 100%\u00a0\u00bb background_color_gradient_overlays_image=\u00a0\u00bbon\u00a0\u00bb background_color_gradient_start=\u00a0\u00bbrgba(0,0,0,0)\u00a0\u00bb background_color_gradient_start_position=\u00a0\u00bb69%\u00a0\u00bb background_color_gradient_end=\u00a0\u00bbrgba(0,0,0,0.7)\u00a0\u00bb background_image=\u00a0\u00bb@ET-DC@eyJkeW5hbWljIjp0cnVlLCJjb250ZW50IjoicG9zdF9mZWF0dXJlZF9pbWFnZSIsInNldHRpbmdzIjp7fX0=@\u00a0\u00bb background_position=\u00a0\u00bbbottom_center\u00a0\u00bb min_height=\u00a0\u00bb60vh\u00a0\u00bb min_height_tablet=\u00a0\u00bb\u00a0\u00bb min_height_phone=\u00a0\u00bb100vw\u00a0\u00bb min_height_last_edited=\u00a0\u00bbon|phone\u00a0\u00bb custom_padding=\u00a0\u00bb0px||0px||false|false\u00a0\u00bb bottom_divider_color=\u00a0\u00bbrgba(0,0,0,0.5)\u00a0\u00bb bottom_divider_height=\u00a0\u00bb350px\u00a0\u00bb bottom_divider_flip=\u00a0\u00bbhorizontal\u00a0\u00bb module_alignment_last_edited=\u00a0\u00bboff|desktop\u00a0\u00bb collapsed=\u00a0\u00bboff\u00a0\u00bb global_colors_info=\u00a0\u00bb{}\u00a0\u00bb][et_pb_row _builder_version=\u00a0\u00bb4.16&Prime; _module_preset=\u00a0\u00bbdefault\u00a0\u00bb custom_padding=\u00a0\u00bb10vh||30vh||false|false\u00a0\u00bb global_colors_info=\u00a0\u00bb{}\u00a0\u00bb][et_pb_column type=\u00a0\u00bb4_4&Prime; _builder_version=\u00a0\u00bb4.16&Prime; _module_preset=\u00a0\u00bbdefault\u00a0\u00bb global_colors_info=\u00a0\u00bb{}\u00a0\u00bb][\/et_pb_column][\/et_pb_row][et_pb_row _builder_version=\u00a0\u00bb4.16&Prime; _module_preset=\u00a0\u00bbdefault\u00a0\u00bb positioning=\u00a0\u00bbabsolute\u00a0\u00bb position_origin_a=\u00a0\u00bbbottom_center\u00a0\u00bb width_tablet=\u00a0\u00bb100%\u00a0\u00bb width_phone=\u00a0\u00bb100%\u00a0\u00bb width_last_edited=\u00a0\u00bbon|tablet\u00a0\u00bb custom_padding=\u00a0\u00bb0px||0px||false|false\u00a0\u00bb global_colors_info=\u00a0\u00bb{}\u00a0\u00bb][et_pb_column type=\u00a0\u00bb4_4&Prime; _builder_version=\u00a0\u00bb4.16&Prime; _module_preset=\u00a0\u00bbdefault\u00a0\u00bb global_colors_info=\u00a0\u00bb{}\u00a0\u00bb][et_pb_image src=\u00a0\u00bbhttps:\/\/www.guidaturisticaosta.it\/wp-content\/uploads\/2020\/10\/Solo-grafica.png\u00a0\u00bb title_text=\u00a0\u00bbSolo grafica\u00a0\u00bb _builder_version=\u00a0\u00bb4.16&Prime; _module_preset=\u00a0\u00bbdefault\u00a0\u00bb positioning=\u00a0\u00bbabsolute\u00a0\u00bb position_origin_a=\u00a0\u00bbbottom_center\u00a0\u00bb max_height=\u00a0\u00bb16vh\u00a0\u00bb max_height_last_edited=\u00a0\u00bboff|phone\u00a0\u00bb custom_margin=\u00a0\u00bb0px||0px||false|false\u00a0\u00bb global_colors_info=\u00a0\u00bb{}\u00a0\u00bb][\/et_pb_image][\/et_pb_column][\/et_pb_row][\/et_pb_section][et_pb_section fb_built=\u00a0\u00bb1&Prime; admin_label=\u00a0\u00bbClaim\u00a0\u00bb _builder_version=\u00a0\u00bb4.16&Prime; _module_preset=\u00a0\u00bbdefault\u00a0\u00bb custom_padding=\u00a0\u00bb0px||||false|false\u00a0\u00bb collapsed=\u00a0\u00bboff\u00a0\u00bb global_colors_info=\u00a0\u00bb{}\u00a0\u00bb][et_pb_row _builder_version=\u00a0\u00bb4.16&Prime; _module_preset=\u00a0\u00bbdefault\u00a0\u00bb parallax=\u00a0\u00bbon\u00a0\u00bb global_colors_info=\u00a0\u00bb{}\u00a0\u00bb][et_pb_column type=\u00a0\u00bb4_4&Prime; _builder_version=\u00a0\u00bb4.16&Prime; _module_preset=\u00a0\u00bbdefault\u00a0\u00bb global_colors_info=\u00a0\u00bb{}\u00a0\u00bb][et_pb_text _builder_version=\u00a0\u00bb4.16&Prime; _dynamic_attributes=\u00a0\u00bbcontent\u00a0\u00bb _module_preset=\u00a0\u00bbdefault\u00a0\u00bb header_font=\u00a0\u00bb|300|||||||\u00a0\u00bb header_text_color=\u00a0\u00bb#197dff\u00a0\u00bb header_2_text_color=\u00a0\u00bb#606060&Prime; text_orientation=\u00a0\u00bbcenter\u00a0\u00bb header_font_size_tablet=\u00a0\u00bb\u00a0\u00bb header_font_size_phone=\u00a0\u00bb27px\u00a0\u00bb header_font_size_last_edited=\u00a0\u00bbon|phone\u00a0\u00bb header_2_font_size_tablet=\u00a0\u00bb\u00a0\u00bb header_2_font_size_phone=\u00a0\u00bb29px\u00a0\u00bb header_2_font_size_last_edited=\u00a0\u00bbon|phone\u00a0\u00bb global_colors_info=\u00a0\u00bb{}\u00a0\u00bb]@ET-DC@eyJkeW5hbWljIjp0cnVlLCJjb250ZW50IjoicG9zdF90aXRsZSIsInNldHRpbmdzIjp7ImJlZm9yZSI6IjxoMT4iLCJhZnRlciI6IjwvaDE+In19@[\/et_pb_text][et_pb_divider color=\u00a0\u00bb#c4c4c4&Prime; divider_weight=\u00a0\u00bb6px\u00a0\u00bb _builder_version=\u00a0\u00bb4.16&Prime; _module_preset=\u00a0\u00bbdefault\u00a0\u00bb max_width=\u00a0\u00bb200px\u00a0\u00bb module_alignment=\u00a0\u00bbcenter\u00a0\u00bb height=\u00a0\u00bb6px\u00a0\u00bb custom_margin=\u00a0\u00bb0px||25px||false|false\u00a0\u00bb custom_padding=\u00a0\u00bb0px||0px||false|false\u00a0\u00bb locked=\u00a0\u00bboff\u00a0\u00bb global_colors_info=\u00a0\u00bb{}\u00a0\u00bb][\/et_pb_divider][\/et_pb_column][\/et_pb_row][et_pb_row column_structure=\u00a0\u00bb2_3,1_3&Prime; _builder_version=\u00a0\u00bb4.27.4&Prime; _module_preset=\u00a0\u00bbdefault\u00a0\u00bb global_colors_info=\u00a0\u00bb{}\u00a0\u00bb][et_pb_column type=\u00a0\u00bb2_3&Prime; _builder_version=\u00a0\u00bb4.16&Prime; _module_preset=\u00a0\u00bbdefault\u00a0\u00bb global_colors_info=\u00a0\u00bb{}\u00a0\u00bb][et_pb_text module_id=\u00a0\u00bborari\u00a0\u00bb _builder_version=\u00a0\u00bb4.27.4&Prime; _module_preset=\u00a0\u00bb88317a29-9a5c-4d72-8f3a-99ee8991522e\u00a0\u00bb link_text_color=\u00a0\u00bb#444444&Prime; hover_enabled=\u00a0\u00bb0&Prime; link_font_size_tablet=\u00a0\u00bb\u00a0\u00bb link_font_size_phone=\u00a0\u00bb15px\u00a0\u00bb link_font_size_last_edited=\u00a0\u00bbon|desktop\u00a0\u00bb locked=\u00a0\u00bboff\u00a0\u00bb global_colors_info=\u00a0\u00bb{}\u00a0\u00bb link_text_color__hover_enabled=\u00a0\u00bbon|hover\u00a0\u00bb link_text_color__hover=\u00a0\u00bb#41a0f2&Prime; sticky_enabled=\u00a0\u00bb0&Prime;]<\/p>\n<p>Bienvenue !<br \/>Je m&rsquo;appelle Francesca et je suis n\u00e9e et ai grandi en <strong>Vall\u00e9e d&rsquo;Aoste<\/strong>, une r\u00e9gion que j&rsquo;aime profond\u00e9ment.<br \/>Apr\u00e8s avoir obtenu un master en <strong>Langues \u00c9trang\u00e8res<\/strong> avec une th\u00e8se sur la promotion touristique du Fort de Bard (en me concentrant sur la zone linguistique allemande), j&rsquo;ai eu le privil\u00e8ge de travailler au Fort de Bard en tant qu&rsquo;assistante mus\u00e9ale. J&rsquo;y ai d\u00e9di\u00e9 mon temps \u00e0 l&rsquo;accompagnement des visiteurs et \u00e0 l&rsquo;organisation d&rsquo;ateliers p\u00e9dagogiques.<br \/>J&rsquo;ai ensuite obtenu le dipl\u00f4me de <strong>guide conf\u00e9rencier en italien, fran\u00e7ais, allemand et anglais<\/strong>. Mon objectif ? Partager ma passion pour la Vall\u00e9e d&rsquo;Aoste avec les touristes, italiens et \u00e9trangers.Depuis dix ans, j&rsquo;exerce \u00e0 temps plein la profession de <strong>guide conf\u00e9rencier en Vall\u00e9e d&rsquo;Aoste<\/strong>, un r\u00f4le qui me permet, chaque jour, de valoriser l&rsquo;immense patrimoine artistique et culturel de ma r\u00e9gion. Je crois fermement \u00e0 la formation continue, c&rsquo;est pourquoi j&rsquo;ai suivi des <strong>cours de formation sur le tourisme accessible et inclusif<\/strong>, j&rsquo;ai obtenu le titre de <strong>technicien d\u00e9gustateur ONAS<\/strong> et je suis actuellement <strong>un cours de l&rsquo;AIS (Association Italienne des Sommeliers)<\/strong>.<\/p>\n<p>Je suis \u00e9galement <strong>membre fondateur de la F\u00e9d\u00e9ration des Guides Conf\u00e9renciers de la Vall\u00e9e d&rsquo;Aoste<\/strong>, l&rsquo;association professionnelle qui repr\u00e9sente les guides conf\u00e9renciers professionnel et r\u00e9sidant dans notre r\u00e9gion. Mon nom figure \u00e9galement sur la Liste Nationale des Guides Conf\u00e9renciers, consultable sur le site du Minist\u00e8re du Tourisme Italien.<\/p>\n<p><strong>Faites confiance \u00e0 une guide locale pour explorer la Vall\u00e9e d&rsquo;Aoste<\/strong>, la plus petite, mais surprenante, r\u00e9gion d&rsquo;Italie !<br \/>Pour rendre les visites guid\u00e9es encore plus confortables et engageantes, j&rsquo;utilise des <strong>radios avec \u00e9couteurs (whispers)<\/strong> fournis par mes soins. Cela permet de mieux profiter des lieux et des espaces mus\u00e9aux, en \u00e9liminant le bruit ambiant et en garantissant une meilleure immersion vocale de la part du guide.<\/p>\n<p>[\/et_pb_text][et_pb_button button_url=\u00a0\u00bb@ET-DC@eyJkeW5hbWljIjp0cnVlLCJjb250ZW50IjoicG9zdF9saW5rX3VybF9wYWdlIiwic2V0dGluZ3MiOnsicG9zdF9pZCI6IjEzMTg0In19@\u00a0\u00bb button_text=\u00a0\u00bbContacts\u00a0\u00bb _builder_version=\u00a0\u00bb4.27.4&Prime; _dynamic_attributes=\u00a0\u00bbbutton_url\u00a0\u00bb _module_preset=\u00a0\u00bbdefault\u00a0\u00bb global_colors_info=\u00a0\u00bb{}\u00a0\u00bb][\/et_pb_button][et_pb_text admin_label=\u00a0\u00bbCrediti\u00a0\u00bb _builder_version=\u00a0\u00bb4.16&Prime; _dynamic_attributes=\u00a0\u00bbcontent\u00a0\u00bb _module_preset=\u00a0\u00bbdefault\u00a0\u00bb text_font_size=\u00a0\u00bb12px\u00a0\u00bb text_orientation=\u00a0\u00bbright\u00a0\u00bb custom_margin=\u00a0\u00bb0px||0px||false|false\u00a0\u00bb custom_padding=\u00a0\u00bb0px||0px||false|false\u00a0\u00bb global_colors_info=\u00a0\u00bb{}\u00a0\u00bb]@ET-DC@eyJkeW5hbWljIjp0cnVlLCJjb250ZW50IjoiY3VzdG9tX21ldGFfY3JlZGl0aSIsInNldHRpbmdzIjp7ImJlZm9yZSI6IiIsImFmdGVyIjoiIiwiZW5hYmxlX2h0bWwiOiJvZmYifX0=@[\/et_pb_text][\/et_pb_column][et_pb_column type=\u00a0\u00bb1_3&Prime; _builder_version=\u00a0\u00bb4.16&Prime; _module_preset=\u00a0\u00bbdefault\u00a0\u00bb global_colors_info=\u00a0\u00bb{}\u00a0\u00bb][et_pb_image src=\u00a0\u00bbhttps:\/\/www.guidaturisticaosta.it\/wp-content\/uploads\/2020\/11\/francesca-bacolla-guida-turistica-valle-daosta.jpg\u00a0\u00bb alt=\u00a0\u00bbGuida turistica Valle d&rsquo;Aosta\u00a0\u00bb title_text=\u00a0\u00bbGuida turistica Valle d&rsquo;Aosta\u00a0\u00bb _builder_version=\u00a0\u00bb4.16&Prime; _module_preset=\u00a0\u00bbdefault\u00a0\u00bb global_colors_info=\u00a0\u00bb{}\u00a0\u00bb][\/et_pb_image][\/et_pb_column][\/et_pb_row][\/et_pb_section]<\/p>\n","protected":false},"excerpt":{"rendered":"<p>Bienvenue !Je m&rsquo;appelle Francesca et je suis n\u00e9e et ai grandi en Vall\u00e9e d&rsquo;Aoste, une r\u00e9gion que j&rsquo;aime profond\u00e9ment.Apr\u00e8s avoir [&hellip;]<\/p>\n","protected":false},"author":1,"featured_media":21606,"parent":0,"menu_order":6,"comment_status":"closed","ping_status":"closed","template":"","meta":{"_acf_changed":false,"_et_pb_use_builder":"on","_et_pb_old_content":"","_et_gb_content_width":"","footnotes":""},"page_category":[],"class_list":["post-21604","page","type-page","status-publish","has-post-thumbnail","hentry"],"acf":[],"_links":{"self":[{"href":"https:\/\/www.guidaturisticaosta.it\/fr\/wp-json\/wp\/v2\/pages\/21604","targetHints":{"allow":["GET"]}}],"collection":[{"href":"https:\/\/www.guidaturisticaosta.it\/fr\/wp-json\/wp\/v2\/pages"}],"about":[{"href":"https:\/\/www.guidaturisticaosta.it\/fr\/wp-json\/wp\/v2\/types\/page"}],"author":[{"embeddable":true,"href":"https:\/\/www.guidaturisticaosta.it\/fr\/wp-json\/wp\/v2\/users\/1"}],"replies":[{"embeddable":true,"href":"https:\/\/www.guidaturisticaosta.it\/fr\/wp-json\/wp\/v2\/comments?post=21604"}],"version-history":[{"count":8,"href":"https:\/\/www.guidaturisticaosta.it\/fr\/wp-json\/wp\/v2\/pages\/21604\/revisions"}],"predecessor-version":[{"id":22476,"href":"https:\/\/www.guidaturisticaosta.it\/fr\/wp-json\/wp\/v2\/pages\/21604\/revisions\/22476"}],"wp:featuredmedia":[{"embeddable":true,"href":"https:\/\/www.guidaturisticaosta.it\/fr\/wp-json\/wp\/v2\/media\/21606"}],"wp:attachment":[{"href":"https:\/\/www.guidaturisticaosta.it\/fr\/wp-json\/wp\/v2\/media?parent=21604"}],"wp:term":[{"taxonomy":"page_category","embeddable":true,"href":"https:\/\/www.guidaturisticaosta.it\/fr\/wp-json\/wp\/v2\/page_category?post=21604"}],"curies":[{"name":"wp","href":"https:\/\/api.w.org\/{rel}","templated":true}]}}