{"id":21726,"date":"2016-07-21T11:00:44","date_gmt":"2016-07-21T09:00:44","guid":{"rendered":"https:\/\/www.guidaturisticaosta.it\/visite\/castello-di-issogne\/"},"modified":"2025-12-02T09:11:23","modified_gmt":"2025-12-02T08:11:23","slug":"chateau-dissogne","status":"publish","type":"visite","link":"https:\/\/www.guidaturisticaosta.it\/fr\/visite\/chateau-dissogne\/","title":{"rendered":"Ch\u00e2teau d\u2019Issogne"},"content":{"rendered":"<h2>Visite guid\u00e9e du Ch\u00e2teau d\u2019Issogne<\/h2>\n<p>Le Ch\u00e2teau d\u2019Issogne est un \u00e9crin de tr\u00e9sors, entrant dans la cour de cette demeure seigneuriale du XV\u1d49 si\u00e8cle, on ne peut s\u2019emp\u00eacher d\u2019\u00eatre enchant\u00e9 par les fresques et les riches mobiliers qui la caract\u00e9risent.<\/p>\n<p>Le <strong>ch\u00e2teau d\u2019Issogne<\/strong> est le fruit des travaux r\u00e9alis\u00e9s par Yblet de Challant au XIV\u1d49 si\u00e8cle, mais surtout par le lettr\u00e9 et raffin\u00e9 George de Challant, d\u00e9j\u00e0 prieur commendataire de la Coll\u00e9giale de Sanint\u2019Ours. George de Challant promut \u00e0 Issogne une vaste campagne de travaux pour adapter la demeure au rang de sa famille.<\/p>\n<p>\u00c0 l\u2019entr\u00e9e, nous accueille une large cour au centre de laquelle se trouve la c\u00e9l\u00e8bre <strong>fontaine du grenadier<\/strong> en fer forg\u00e9, riche de significations symboliques. La cour est encadr\u00e9e par les \u00e9l\u00e9gantes <strong>lunettes du portique<\/strong>, des fresques repr\u00e9sentant des sc\u00e8nes de la vie quotidienne constituant une exceptionnelle t\u00e9moignage de l\u2019\u00e9poque.<br \/>\nOn remarquee aussi les inscriptions particuli\u00e8res et <strong><em>les graffitis<\/em><\/strong> laiss\u00e9s sur les murs par les h\u00f4tes du ch\u00e2teau au fil des si\u00e8cles parmi lesquels figurent des citations, des nouvelles d\u2019\u00e9v\u00e9nements et des phrases amoureuses t\u00e9moignant des histoires du temps.<br \/>\nAu XVI\u1d49 si\u00e8cle, les malheureux \u00e9v\u00e9nements de <strong>R\u00e9n\u00e9 de Challant<\/strong>, qui fut un membre important de la maison en occupant des fonctions prestigieuses au sein des \u00c9tats de Savoie, entra\u00een\u00e8rent une lutte pour la succession du fief affaiblissant irr\u00e9parablement la famille.<br \/>\nApr\u00e8s des al\u00e9as, \u00e0 la fin du XIX\u1d49 si\u00e8cle, le ch\u00e2teau fut d\u00e9finitivement acquis par le peintre turinois Vittorio Avondo qui promut sa restauration et sa remise en \u00e9tat.<\/p>\n<p>Lors de la <strong>visite guid\u00e9e du ch\u00e2teau d\u2019Issogne<\/strong>, on visitera aussi la chapelle qui conserve un magnifique autel gothique \u00e0 panneaux ; les pi\u00e8ces de Georges de Challant et la dite Salle de Justice, enti\u00e8rement peinte avec des sc\u00e8nes de chasse et des paysages nordiques.<\/p>\n<p>Le parcours mus\u00e9al enrichi par la visite de l\u2019appartement d\u2019Avondo, avec son jeu de miroirs et ses renvois signifiants, signifiera plus g\u00e9n\u00e9ralement de regarder ce Moyen \u00c2ge comme un reflet dans le miroir de la culture europ\u00e9enne \u00e0 la fin du XIX\u1d49 si\u00e8cle.<br \/>\nUne occasion de visiter aussi la <strong>Salle d\u2019armes<\/strong> o\u00f9 est expos\u00e9e une partie de la collection priv\u00e9e de l\u2019artiste ainsi que d\u2019autres pi\u00e8ces jusqu\u2019alors inexplor\u00e9es du ch\u00e2teau.<\/p>\n<h2 id=\"Second_Point_Header\">L&rsquo;appartement de Vittorio Avondo<\/h2>\n<p><strong>Vittorio Avondo<\/strong>, fin connaisseur d\u2019art, acheta le ch\u00e2teau en 1872 dans l\u2019intention de le restaurer, de l\u2019am\u00e9nager et d\u2019y habiter quelques ann\u00e9es jusqu\u2019\u00e0 ce qu\u2019il soit donn\u00e9 de sa propre volont\u00e9 \u00e0 l\u2019\u00c9tat en 1907.<br \/>\nLe nouveau parcours d\u2019exposition, constitu\u00e9 d\u2019objets et de jeux de miroirs, se concentre sur la figure d\u2019Avondo mais aussi sur d\u2019autres personnages qui entr\u00e8rent en contact avec le ch\u00e2teau. La \u00ab joyeuse brigade \u00bb, comme elle fut nomm\u00e9e, comprenait quelques artistes ainsi que des amis du peintre tels que Alfredo D\u2019Andrade, Federico Pastoris et les fr\u00e8res Giacosa.<br \/>\nUn voyage incroyable dans la vision du Moyen \u00c2ge \u00e0 la fin du XIX\u1d49 si\u00e8cle qui culmine avec le chef d\u2019\u0153uvre du peintre Federico Pastoris \u00ab<strong>Retour de Terre Sainte<\/strong>\u00bb, une immense toile se d\u00e9roulant justement dans la cour du ch\u00e2teau d\u2019Issogne et inspir\u00e9e par Pie Guillaume lors du retour des Croisades.<\/p>\n<h2>Comment r\u00e9server<\/h2>\n<p>Mon service s\u2019adresse uniquement aux groupes ou \u00e0 ceux qui souhaitent une visite priv\u00e9e du ch\u00e2teau.<\/p>\n<p>Les familles peuvent en revanche participer aux visites accompagn\u00e9es par le personnel du site en r\u00e9servant <a href=\"https:\/\/www.midaticket.it\/eventi\/castelli-della-valle-daosta\/\" target=\"_blank\" rel=\"noopener\">en ligne<\/a> au lien suivant de la R\u00e9gion autonome Vall\u00e9e d\u2019Aoste.<\/p>\n<p><strong>Les groupes<\/strong> et tous ceux qui d\u00e9sirent profiter d\u2019une visite en forme priv\u00e9e <strong>peuvent me contacter en cliquant sur le bouton \u00ab\u202fr\u00e9servez maintenant\u202f\u00bb.<\/strong><\/p>\n<p>Voir toutes les <strong>visites guid\u00e9es<\/strong> li\u00e9es aux <a href=\"https:\/\/www.guidaturisticaosta.it\/fr\/chateaux-de-la-vallee-daoste\/\" target=\"_blank\" rel=\"noopener\"><strong>ch\u00e2teaux de la Vall\u00e9e d\u2019Aoste<\/strong><\/a><\/p>\n","protected":false},"excerpt":{"rendered":"<p>Somptueuse demeure seigneuriale du XVe si\u00e8cle, richement d\u00e9cor\u00e9e par le m\u00e9c\u00e8ne \u00e9rudit Georges de Challant, qui devint au XIX\u1d49 si\u00e8cle, lors de la restauration attentive du peintre Vittorio Avondo, un \u00ab Ch\u00e2teau des R\u00eaves \u00bb.<\/p>\n","protected":false},"author":1,"featured_media":21727,"comment_status":"open","ping_status":"closed","template":"","tags":[62,74,81],"categoria_visite":[300],"class_list":["post-21726","visite","type-visite","status-publish","has-post-thumbnail","hentry","tag-castelli-della-valle-d-aosta","tag-castello-di-issogne","tag-castello-issogne","categoria_visite-chateaux-de-la-vallee-daoste"],"acf":[],"_links":{"self":[{"href":"https:\/\/www.guidaturisticaosta.it\/fr\/wp-json\/wp\/v2\/visite\/21726","targetHints":{"allow":["GET"]}}],"collection":[{"href":"https:\/\/www.guidaturisticaosta.it\/fr\/wp-json\/wp\/v2\/visite"}],"about":[{"href":"https:\/\/www.guidaturisticaosta.it\/fr\/wp-json\/wp\/v2\/types\/visite"}],"author":[{"embeddable":true,"href":"https:\/\/www.guidaturisticaosta.it\/fr\/wp-json\/wp\/v2\/users\/1"}],"replies":[{"embeddable":true,"href":"https:\/\/www.guidaturisticaosta.it\/fr\/wp-json\/wp\/v2\/comments?post=21726"}],"version-history":[{"count":8,"href":"https:\/\/www.guidaturisticaosta.it\/fr\/wp-json\/wp\/v2\/visite\/21726\/revisions"}],"predecessor-version":[{"id":22343,"href":"https:\/\/www.guidaturisticaosta.it\/fr\/wp-json\/wp\/v2\/visite\/21726\/revisions\/22343"}],"wp:featuredmedia":[{"embeddable":true,"href":"https:\/\/www.guidaturisticaosta.it\/fr\/wp-json\/wp\/v2\/media\/21727"}],"wp:attachment":[{"href":"https:\/\/www.guidaturisticaosta.it\/fr\/wp-json\/wp\/v2\/media?parent=21726"}],"wp:term":[{"taxonomy":"post_tag","embeddable":true,"href":"https:\/\/www.guidaturisticaosta.it\/fr\/wp-json\/wp\/v2\/tags?post=21726"},{"taxonomy":"categoria_visite","embeddable":true,"href":"https:\/\/www.guidaturisticaosta.it\/fr\/wp-json\/wp\/v2\/categoria_visite?post=21726"}],"curies":[{"name":"wp","href":"https:\/\/api.w.org\/{rel}","templated":true}]}}