{"id":21731,"date":"2016-07-21T11:02:04","date_gmt":"2016-07-21T09:02:04","guid":{"rendered":"https:\/\/www.guidaturisticaosta.it\/visite\/castello-di-verres\/"},"modified":"2025-12-02T09:11:41","modified_gmt":"2025-12-02T08:11:41","slug":"chateau-de-verres","status":"publish","type":"visite","link":"https:\/\/www.guidaturisticaosta.it\/fr\/visite\/chateau-de-verres\/","title":{"rendered":"Ch\u00e2teau de Verr\u00e8s"},"content":{"rendered":"<h2>Visite guid\u00e9e du Ch\u00e2teau de Verr\u00e8s<\/h2>\n<p>Le <strong>Ch\u00e2teau de Verr\u00e8s<\/strong> a \u00e9t\u00e9 construit au XIV\u1d49 si\u00e8cle \u00e0 la demande d\u2019Yblet de Challant sur un promontoire rocheux dominant le <strong>bourg de Verr\u00e8s<\/strong> et l\u2019entr\u00e9e de la vall\u00e9e d\u2019Ayas.<\/p>\n<p>Yblet voulait \u00e9difier une demeure digne de sa puissance et de son prestige, d\u2019une typologie enti\u00e8rement novatrice, r\u00e9alisant le tout premier exemple de <strong>ch\u00e2teau \u00ab\u202fmonobloc\u202f\u00bb<\/strong>, pr\u00e9figurant le mod\u00e8le de la Renaissance.<br \/>\nD\u2019un aspect robuste et s\u00e9v\u00e8re, le ch\u00e2teau est une <strong>forteresse<\/strong> d\u2019environ 30 m\u00e8tres de c\u00f4t\u00e9 et compte parmi les ch\u00e2teaux les plus suggestifs et riches d\u2019histoires de la Vall\u00e9e d\u2019Aoste.<\/p>\n<p>En 1536, <strong>R\u00e9n\u00e9 de Challant<\/strong>, avec l\u2019aide de l\u2019architecte espagnol Pietro De Valle, renouvela les int\u00e9rieurs et l\u2019appareil d\u00e9fensif du ch\u00e2teau pour l\u2019adapter \u00e0 l\u2019usage moderne de l\u2019artillerie. Au XVI\u1d49 si\u00e8cle furent ainsi construits un rempart, des tourelles polygonales, des contreforts en \u00e9peron et des positions pour canonni\u00e8res.<\/p>\n<p>Le ch\u00e2teau appartint \u00e0 la famille Challant jusqu\u2019en 1565, quand il fut incorpor\u00e9 par les Savoie.<br \/>\nEn 1661, le duc Charles-Emmanuel II d\u00e9mantela les d\u00e9fenses du ch\u00e2teau et transf\u00e9ra toutes les artilleries alors pr\u00e9sentes au Fort de Bard. En 1696, le ch\u00e2teau revint aux Challant, qui le conserv\u00e8rent jusqu\u2019\u00e0 l\u2019extinction de la lign\u00e9e au XIX\u1d49 si\u00e8cle.<\/p>\n<p>Vers la fin du XIX\u1d49 si\u00e8cle, la forteresse fut restaur\u00e9e gr\u00e2ce aux efforts d\u2019un groupe d\u2019intellectuels pi\u00e9montais, parmi lesquels se distinguent Alfredo D\u2019Andrade, Vittorio Avondo et Giuseppe Giacosa.<\/p>\n<p>Lors de la <strong>visite guid\u00e9e du ch\u00e2teau de Verr\u00e8s<\/strong>, on d\u00e9couvrira les deux \u00e9tages du ch\u00e2teau, qui conservent de beaux d\u00e9tails architecturaux tels que des arcs car\u00e9n\u00e9s, des arcs bris\u00e9s et des fen\u00eatres \u00e0 meneux. Le monumental <strong>escalier en pierre \u00e0 arcs rampants<\/strong> vaut \u00e0 lui seul la visite.<\/p>\n<p>La r\u00e9gularit\u00e9 g\u00e9om\u00e9trique de la structure et l\u2019essentiel de la d\u00e9coration, confi\u00e9e uniquement aux d\u00e9tails en pierre verte et blanche travaill\u00e9e, s\u2019accordent au caract\u00e8re militaire du b\u00e2timent et t\u00e9moignent \u00e9galement de l\u2019excellence des artisans qui \u0153uvr\u00e8rent \u00e0 Verr\u00e8s.<br \/>\nAu rez de\u2010chauss\u00e9e s\u2019ouvrent deux grandes salles sym\u00e9triques qui occupent enti\u00e8rement les c\u00f4t\u00e9s est et ouest du ch\u00e2teau, tandis qu\u2019au sud se trouve la cuisine.<\/p>\n<p>Les pi\u00e8ces du premier \u00e9tage, r\u00e9serv\u00e9es aux seigneurs du ch\u00e2teau, sont \u00e9clair\u00e9es par de belles fen\u00eatres de style XIV\u1d49 si\u00e8cle. La cuisine seigneuriale, dot\u00e9e de trois grandes chemin\u00e9es, pr\u00e9sente une remarquable vo\u00fbte en pierre \u00e0 voiles multiples.<br \/>\nLes exploits, les amours et les intrigues de la Maison de Challant rendent ensuite la visite de ce ch\u00e2teau vald\u00f4tain si particulier extr\u00eamement fascinante.<\/p>\n<h2>Dans les alentours<\/h2>\n<p>On peut compl\u00e9ter la visite du ch\u00e2teau par une visite du <strong>village de Verr\u00e8s<\/strong> pour admirer la vieille <strong>Pr\u00e9v\u00f4t\u00e9 de Saint Gilles<\/strong>. \u00c0 c\u00f4t\u00e9 de la pr\u00e9v\u00f4t\u00e9, entre 1405 et 1410, fut \u00e9difi\u00e9e une chapelle s\u00e9pulcrale pour accueillir les restes de l\u2019illustre Yblet de Challant. La chapelle, maintenant incorpor\u00e9e dans l\u2019<strong>\u00e9glise paroissiale de Saint Gilles<\/strong>, se pose comme un des sommets de l\u2019architecture gothique en Vall\u00e9e d\u2019Aoste.<\/p>\n<h2>Carnaval de Verr\u00e8s<\/h2>\n<p>Chaque ann\u00e9e, \u00e0 l\u2019occasion du <strong>Carnaval historique de Verr\u00e8s<\/strong>, le ch\u00e2teau s\u2019anime pour accueillir soir\u00e9es dansantes, reconstitutions et pi\u00e8ces de th\u00e9\u00e2tre ayant pour protagonistes les principaux membres de la famille Challant.<\/p>\n<h2>Comment r\u00e9server<\/h2>\n<p>Mon service s\u2019adresse uniquement aux groupes ou \u00e0 ceux qui souhaitent une visite priv\u00e9e du ch\u00e2teau.<\/p>\n<p>Les familles peuvent en revanche participer aux visites accompagn\u00e9es par le personnel du site en r\u00e9servant <a href=\"https:\/\/www.midaticket.it\/eventi\/castelli-della-valle-daosta\/\" target=\"_blank\" rel=\"noopener\">en ligne<\/a> au lien suivant de la R\u00e9gion autonome Vall\u00e9e d\u2019Aoste.<\/p>\n<p><strong>Les groupes<\/strong> et tous ceux qui d\u00e9sirent profiter d\u2019une visite en forme priv\u00e9e <strong>peuvent me contacter en cliquant sur le bouton \u00ab\u202fr\u00e9servez maintenant\u202f\u00bb.<\/strong><\/p>\n<p>Voir toutes les <strong>visites guid\u00e9es<\/strong> li\u00e9es aux <a href=\"https:\/\/www.guidaturisticaosta.it\/fr\/chateaux-de-la-vallee-daoste\/\" target=\"_blank\" rel=\"noopener\"><strong>ch\u00e2teaux de la Vall\u00e9e d\u2019Aoste<\/strong><\/a><\/p>\n","protected":false},"excerpt":{"rendered":"<p>Construit \u00e0 la demande d\u2019Ibleto de Challant sur un promontoire rocheux, cette puissante forteresse au caract\u00e8re aust\u00e8re est adoucie \u00e0 l\u2019int\u00e9rieur par de raffin\u00e9s et \u00e9l\u00e9gants d\u00e9tails architecturaux.<\/p>\n","protected":false},"author":1,"featured_media":21733,"comment_status":"open","ping_status":"closed","template":"","tags":[60,62,79,85],"categoria_visite":[300],"class_list":["post-21731","visite","type-visite","status-publish","has-post-thumbnail","hentry","tag-carnevali-in-valle-daosta","tag-castelli-della-valle-d-aosta","tag-castello-di-verres","tag-castello-verres","categoria_visite-chateaux-de-la-vallee-daoste"],"acf":[],"_links":{"self":[{"href":"https:\/\/www.guidaturisticaosta.it\/fr\/wp-json\/wp\/v2\/visite\/21731","targetHints":{"allow":["GET"]}}],"collection":[{"href":"https:\/\/www.guidaturisticaosta.it\/fr\/wp-json\/wp\/v2\/visite"}],"about":[{"href":"https:\/\/www.guidaturisticaosta.it\/fr\/wp-json\/wp\/v2\/types\/visite"}],"author":[{"embeddable":true,"href":"https:\/\/www.guidaturisticaosta.it\/fr\/wp-json\/wp\/v2\/users\/1"}],"replies":[{"embeddable":true,"href":"https:\/\/www.guidaturisticaosta.it\/fr\/wp-json\/wp\/v2\/comments?post=21731"}],"version-history":[{"count":5,"href":"https:\/\/www.guidaturisticaosta.it\/fr\/wp-json\/wp\/v2\/visite\/21731\/revisions"}],"predecessor-version":[{"id":22344,"href":"https:\/\/www.guidaturisticaosta.it\/fr\/wp-json\/wp\/v2\/visite\/21731\/revisions\/22344"}],"wp:featuredmedia":[{"embeddable":true,"href":"https:\/\/www.guidaturisticaosta.it\/fr\/wp-json\/wp\/v2\/media\/21733"}],"wp:attachment":[{"href":"https:\/\/www.guidaturisticaosta.it\/fr\/wp-json\/wp\/v2\/media?parent=21731"}],"wp:term":[{"taxonomy":"post_tag","embeddable":true,"href":"https:\/\/www.guidaturisticaosta.it\/fr\/wp-json\/wp\/v2\/tags?post=21731"},{"taxonomy":"categoria_visite","embeddable":true,"href":"https:\/\/www.guidaturisticaosta.it\/fr\/wp-json\/wp\/v2\/categoria_visite?post=21731"}],"curies":[{"name":"wp","href":"https:\/\/api.w.org\/{rel}","templated":true}]}}