{"id":21740,"date":"2022-11-10T10:27:02","date_gmt":"2022-11-10T09:27:02","guid":{"rendered":"https:\/\/www.guidaturisticaosta.it\/visite\/castello-di-saint-pierre\/"},"modified":"2026-07-17T15:11:20","modified_gmt":"2026-07-17T13:11:20","slug":"chateau-de-saint-pierre","status":"publish","type":"visite","link":"https:\/\/www.guidaturisticaosta.it\/fr\/visite\/chateau-de-saint-pierre\/","title":{"rendered":"Ch\u00e2teau de Saint Pierre"},"content":{"rendered":"<h2>Visite guid\u00e9e au ch\u00e2teau de Saint Pierre<\/h2>\n<p>Incontournable par son aspect f\u00e9erique, le <strong>ch\u00e2teau de Saint-Pierre<\/strong> est un cas unique en son genre.<\/p>\n<p>Consid\u00e9r\u00e9 comme <strong>l\u2019un des plus anciens de la Vall\u00e9e d\u2019Aoste<\/strong>, le ch\u00e2teau de Saint-Pierre remonterait au XIIe si\u00e8cle, car dans la c\u00e9l\u00e8bre Charte des franchises de 1191 figurent les noms des fr\u00e8res de castro Sancti Petri, copropri\u00e9taires d\u2019une partie du ch\u00e2teau. Ce sont eux qui ont \u00e9rig\u00e9 le noyau originel compos\u00e9 de deux b\u00e2timents distincts, la grande tour et la maison-forte, qui ont ensuite \u00e9t\u00e9 r\u00e9unis avec l\u2019ajout d\u2019autres structures.<\/p>\n<p>Au fil des si\u00e8cles, le ch\u00e2teau appartenait \u00e0 de nombreuses et puissantes familles nobles, dont les Seigneurs de Quart, les Savoie et les Challant. Parmi les propri\u00e9taires successifs, il convient de citer le <strong>baron Pierre Philibert Roncas<\/strong>, ancien propri\u00e9taire du ch\u00e2teau de Cly, qui a agrandi le ch\u00e2teau et y a donn\u00e9 de nombreuses r\u00e9ceptions.<\/p>\n<p>Ce fut enfin son dernier propri\u00e9taire, le <strong>baron Emanuele Bollati<\/strong>, qui confia en 1873 \u00e0 <strong>l\u2019architecte Camillo Boggio<\/strong> de Turin le renouvellement esth\u00e9tique du ch\u00e2teau. L\u2019architecte pi\u00e9montais, suivant des canons typiquement romantiques, modifia son aspect en ajoutant aux angles quatre tourelles de forme circulaire, donnant au b\u00e2timent la physionomie qui le caract\u00e9rise aujourd\u2019hui et qui lui conf\u00e8re un aspect f\u00e9erique \u00e0 nos yeux.<\/p>\n<p>Le Ch\u00e2teau de Saint-Pierre abrite la nouvelle sc\u00e9nographie du Mus\u00e9e R\u00e9gional des Sciences Naturelles.<\/p>\n<p>La <strong>visite guid\u00e9e du ch\u00e2teau de Saint Pierre<\/strong> suit une double cl\u00e9 de lecture: d\u2019une part, l\u2019architecture du ch\u00e2teau et les salles d\u00e9cor\u00e9es racontent l\u2019histoire centenaire de cette demeure embl\u00e9matique ; d\u2019autre part, l\u2019exposition mus\u00e9ale est un voyage immersif dans l\u2019environnement vald\u00f4tain sous tous ses aspects, de la min\u00e9ralogie \u00e0 la botanique, de la g\u00e9ologie \u00e0 la zoologie.<\/p>\n<h2>Comment r\u00e9server<\/h2>\n<p>Mon service de guide s\u2019adresse uniquement aux groupes ou \u00e0 ceux qui souhaitent une visite priv\u00e9e du Mus\u00e9e.<br \/>\nLe Mus\u00e9e est en libre acc\u00e8s ; les familles peuvent r\u00e9server en ligne leur entr\u00e9e sur le <a href=\"https:\/\/www.midaticket.it\/eventi\/castelli-della-valle-daosta\/\" target=\"_blank\" rel=\"noopener\">lien suivant<\/a> de la R\u00e9gion Autonome Vall\u00e9e d\u2019Aoste.<\/p>\n<p>Les groupes et tous ceux qui souhaitent b\u00e9n\u00e9ficier d\u2019une visite priv\u00e9e peuvent me contacter en cliquant sur le bouton \u00ab r\u00e9server maintenant \u00bb.<br \/>\nVoir toutes les visites guid\u00e9es li\u00e9es aux ch\u00e2teaux de la Vall\u00e9e d\u2019Aoste<\/p>\n","protected":false},"excerpt":{"rendered":"<p>Ch\u00e2teau le plus admir\u00e9 et embl\u00e9matique de la Vall\u00e9e d\u2019Aoste, le ch\u00e2teau de Saint Pierre abrite le moderne Mus\u00e9e R\u00e9gional des Sciences Naturelles Efisio Noussan.<\/p>\n","protected":false},"author":2,"featured_media":21741,"comment_status":"open","ping_status":"closed","template":"","tags":[283,62,63,76,278],"categoria_visite":[300],"class_list":["post-21740","visite","type-visite","status-publish","has-post-thumbnail","hentry","tag-1-ora","tag-castelli-della-valle-d-aosta","tag-castelli-valle-daosta","tag-castello-di-saint-pierre","tag-museo-scienze-naturali","categoria_visite-chateaux-de-la-vallee-daoste"],"acf":[],"_links":{"self":[{"href":"https:\/\/www.guidaturisticaosta.it\/fr\/wp-json\/wp\/v2\/visite\/21740","targetHints":{"allow":["GET"]}}],"collection":[{"href":"https:\/\/www.guidaturisticaosta.it\/fr\/wp-json\/wp\/v2\/visite"}],"about":[{"href":"https:\/\/www.guidaturisticaosta.it\/fr\/wp-json\/wp\/v2\/types\/visite"}],"author":[{"embeddable":true,"href":"https:\/\/www.guidaturisticaosta.it\/fr\/wp-json\/wp\/v2\/users\/2"}],"replies":[{"embeddable":true,"href":"https:\/\/www.guidaturisticaosta.it\/fr\/wp-json\/wp\/v2\/comments?post=21740"}],"version-history":[{"count":5,"href":"https:\/\/www.guidaturisticaosta.it\/fr\/wp-json\/wp\/v2\/visite\/21740\/revisions"}],"predecessor-version":[{"id":22785,"href":"https:\/\/www.guidaturisticaosta.it\/fr\/wp-json\/wp\/v2\/visite\/21740\/revisions\/22785"}],"wp:featuredmedia":[{"embeddable":true,"href":"https:\/\/www.guidaturisticaosta.it\/fr\/wp-json\/wp\/v2\/media\/21741"}],"wp:attachment":[{"href":"https:\/\/www.guidaturisticaosta.it\/fr\/wp-json\/wp\/v2\/media?parent=21740"}],"wp:term":[{"taxonomy":"post_tag","embeddable":true,"href":"https:\/\/www.guidaturisticaosta.it\/fr\/wp-json\/wp\/v2\/tags?post=21740"},{"taxonomy":"categoria_visite","embeddable":true,"href":"https:\/\/www.guidaturisticaosta.it\/fr\/wp-json\/wp\/v2\/categoria_visite?post=21740"}],"curies":[{"name":"wp","href":"https:\/\/api.w.org\/{rel}","templated":true}]}}