{"id":22251,"date":"2018-02-22T15:31:49","date_gmt":"2018-02-22T14:31:49","guid":{"rendered":"https:\/\/www.guidaturisticaosta.it\/visite\/val-dayas-antagnod-e-champoluc\/"},"modified":"2026-06-18T20:55:09","modified_gmt":"2026-06-18T18:55:09","slug":"val-dayas-col-de-joux","status":"publish","type":"visite","link":"https:\/\/www.guidaturisticaosta.it\/fr\/visite\/val-dayas-col-de-joux\/","title":{"rendered":"Val d&rsquo;Ayas &#8211; Col de Joux"},"content":{"rendered":"<h2>Visiter la Val d\u2019Ayas<\/h2>\n<p><strong>La Val d\u2019Ayas<\/strong> est l\u2019une des plus belles vall\u00e9es, riche en t\u00e9moignages historiques, de la Vall\u00e9e d\u2019Aoste.<\/p>\n<p>C\u2019est une vall\u00e9e tr\u00e8s vaste, model\u00e9e par les glaciers descendant du <strong>Mont Rose<\/strong>.<br \/>\nLe paysage est aujourd\u2019hui caract\u00e9ris\u00e9 par de nombreux villages dont l\u2019\u00e9conomie \u00e9tait autrefois \u00e9troitement li\u00e9e \u00e0 l\u2019agriculture, \u00e0 l\u2019\u00e9levage du b\u00e9tail et \u00e0 l\u2019exploitation mini\u00e8re.<\/p>\n<p>Gr\u00e2ce \u00e0 quelques cols alpins, la Val d\u2019Ayas est reli\u00e9e \u00e0 la fois \u00e0 la vall\u00e9e de Gressoney et \u00e0 la Valtournenche, d\u2019o\u00f9 l\u2019on peut \u00e9galement atteindre le Valais via le <strong>col du Th\u00e9odule<\/strong>. Ce passage a permis au Moyen \u00c2ge la p\u00e9n\u00e9tration des <strong>Walser<\/strong> dans la partie haute de la vall\u00e9e, tout en garantissant pendant plusieurs si\u00e8cles des \u00e9changes florissants.<\/p>\n<p>\u00c0 mi-vall\u00e9e, \u00e0 Brusson, se trouve le fascinant <strong><a href=\"https:\/\/www.guidaturisticaosta.it\/fr\/visite\/chateau-de-graines\/\" target=\"_blank\" rel=\"noopener\">ch\u00e2teau de Graines<\/a><\/strong>, l\u2019un des ch\u00e2teaux m\u00e9di\u00e9vaux les plus anciens de la r\u00e9gion, qualifi\u00e9 de type \u00ab primitif \u00bb. Construit sur un promontoire rocheux, le ch\u00e2teau fut longtemps un bastion important de la puissante famille Challant originaire pr\u00e9cis\u00e9ment de la Val d\u2019Ayas.<\/p>\n<p>Parmi les localit\u00e9s les plus connues de la Val d\u2019Ayas figure <strong>Antagnod<\/strong>, d\u2019o\u00f9 l\u2019on peut admirer un panorama \u00e0 couper le souffle sur le glacier du Mont Rose.<\/p>\n<p>Antagnod abrite la belle <strong>\u00e9glise paroissiale<\/strong> d\u00e9di\u00e9e \u00e0 Saint Martin, qui conserve en son int\u00e9rieur <strong>le plus imposant autel baroque de la Vall\u00e9e d\u2019Aoste<\/strong>. Le hameau est un village typique caract\u00e9ris\u00e9 par d\u2019anciens rascards et la pr\u00e9sence de l\u2019une des plus belles maisons rustiques de la Vall\u00e9e d\u2019Aoste, la Maison Fournier, c\u2019est-\u00e0-dire une maison-forte qui appartenait \u00e0 la puissante famille Challant.<\/p>\n<p>Antagnod est \u00e9galement c\u00e9l\u00e8bre pour son artisanat: ici on produit les traditionnels <strong>sabots en bois<\/strong>.<\/p>\n<h2>Col de Joux<\/h2>\n<p>Le Col de Joux (1 640 m) est un col bois\u00e9 qui relie Brusson \u00e0 la commune de <a href=\"https:\/\/www.guidaturisticaosta.it\/fr\/visite\/saint-vincent\/\" target=\"_blank\"><strong>Saint-Vincent<\/strong><\/a>. L\u2019itin\u00e9raire longe des hameaux typiques et traverse des for\u00eats pleines de charme, offrant depuis son Belvedere d\u2019une splendide vue panoramique \u00e0 perte de vue jusqu\u2019au Mont Blanc.<\/p>\n<p>Tout au long du parcours, on d\u00e9couvre plusieurs sites d\u2019int\u00e9r\u00eat historique, tels que la belle <strong>chapelle de Moron<\/strong>, d\u00e9di\u00e9e \u00e0 saint Maurice, l\u2019un des \u00e9difices religieux les plus anciens de la r\u00e9gion; la l\u00e9gendaire <strong>fontaine de Napol\u00e9on<\/strong>; ainsi que la chapelle-m\u00e9morial des Partisans d\u2019Amay, o\u00f9 Primo Levi fut arr\u00eat\u00e9 en 1943.<\/p>\n<p>Le col est \u00e9galement travers\u00e9 par le <strong>Ru Courtoud<\/strong>, le plus long des canaux d\u2019irrigation du Val d\u2019Aoste. Il s\u2019agit d\u2019un canal m\u00e9di\u00e9val, encore en activit\u00e9, qui achemine les eaux provenant des glaciers du Mont Rose jusqu\u2019aux communes de Saint-Vincent et d\u2019\u00c9mar\u00e8se.<\/p>\n<p>D\u00e9couvrez toutes les <strong>visites guid\u00e9es<\/strong> li\u00e9es aux <strong><a href=\"https:\/\/www.guidaturisticaosta.it\/fr\/villages-et-bourgs-de-la-vallee-daoste\/\" target=\"_blank\" rel=\"noopener\">bourgs et villages de la Vall\u00e9e d\u2019Aoste<\/a><\/strong><\/p>\n","protected":false},"excerpt":{"rendered":"<p>Ayas est une merveilleuse localit\u00e9 alpine au pied du Mont Rose, compos\u00e9e de nombreux villages de montagne o\u00f9 l\u2019on respire une atmosph\u00e8re authentique et reli\u00e9e \u00e0 Saint-Vincent parmi le panoramique Col de Joux.<\/p>\n","protected":false},"author":1,"featured_media":22253,"comment_status":"open","ping_status":"closed","template":"","tags":[44,72,92,134,179],"categoria_visite":[299],"class_list":["post-22251","visite","type-visite","status-publish","has-post-thumbnail","hentry","tag-antagnod","tag-castello-di-graines","tag-champoluc","tag-monte-rosa","tag-val-dayas","categoria_visite-villages-et-localites"],"acf":[],"_links":{"self":[{"href":"https:\/\/www.guidaturisticaosta.it\/fr\/wp-json\/wp\/v2\/visite\/22251","targetHints":{"allow":["GET"]}}],"collection":[{"href":"https:\/\/www.guidaturisticaosta.it\/fr\/wp-json\/wp\/v2\/visite"}],"about":[{"href":"https:\/\/www.guidaturisticaosta.it\/fr\/wp-json\/wp\/v2\/types\/visite"}],"author":[{"embeddable":true,"href":"https:\/\/www.guidaturisticaosta.it\/fr\/wp-json\/wp\/v2\/users\/1"}],"replies":[{"embeddable":true,"href":"https:\/\/www.guidaturisticaosta.it\/fr\/wp-json\/wp\/v2\/comments?post=22251"}],"version-history":[{"count":6,"href":"https:\/\/www.guidaturisticaosta.it\/fr\/wp-json\/wp\/v2\/visite\/22251\/revisions"}],"predecessor-version":[{"id":22763,"href":"https:\/\/www.guidaturisticaosta.it\/fr\/wp-json\/wp\/v2\/visite\/22251\/revisions\/22763"}],"wp:featuredmedia":[{"embeddable":true,"href":"https:\/\/www.guidaturisticaosta.it\/fr\/wp-json\/wp\/v2\/media\/22253"}],"wp:attachment":[{"href":"https:\/\/www.guidaturisticaosta.it\/fr\/wp-json\/wp\/v2\/media?parent=22251"}],"wp:term":[{"taxonomy":"post_tag","embeddable":true,"href":"https:\/\/www.guidaturisticaosta.it\/fr\/wp-json\/wp\/v2\/tags?post=22251"},{"taxonomy":"categoria_visite","embeddable":true,"href":"https:\/\/www.guidaturisticaosta.it\/fr\/wp-json\/wp\/v2\/categoria_visite?post=22251"}],"curies":[{"name":"wp","href":"https:\/\/api.w.org\/{rel}","templated":true}]}}