{"id":22269,"date":"2018-08-28T12:04:13","date_gmt":"2018-08-28T10:04:13","guid":{"rendered":"https:\/\/www.guidaturisticaosta.it\/visite\/saint-vincent\/"},"modified":"2026-07-17T15:55:08","modified_gmt":"2026-07-17T13:55:08","slug":"saint-vincent","status":"publish","type":"visite","link":"https:\/\/www.guidaturisticaosta.it\/fr\/visite\/saint-vincent\/","title":{"rendered":"Saint Vincent"},"content":{"rendered":"<h2 style=\"text-align: left;\">Visite guid\u00e9e de Saint-Vincent<\/h2>\n<p>Blottie dans une cuvette ensoleill\u00e9e, Saint-Vincent est surnomm\u00e9e la <strong>Riviera des Alpes<\/strong> gr\u00e2ce \u00e0 son climat particuli\u00e8rement doux.<\/p>\n<p>D\u00e9velopp\u00e9e le long d\u2019un tron\u00e7on de la <strong>Via Francigena<\/strong>, la ville conserve encore aujourd\u2019hui d\u2019importants t\u00e9moignages de son pass\u00e9, notamment la belle \u00e9glise paroissiale d\u00e9di\u00e9e \u00e0 Saint Vincent.<\/p>\n<p>L\u2019\u00e9glise, dont les parties les plus anciennes remontent au Ve si\u00e8cle, constitue un remarquable exemple d\u2019architecture romane et abrite de pr\u00e9cieux cycles de peintures murales. L\u2019\u00e9difice fut ensuite profond\u00e9ment transform\u00e9 \u00e0 la fin du XIXe si\u00e8cle par l\u2019architecte Camillo Boggio, le m\u00eame qui travailla au c\u00e9l\u00e8bre ch\u00e2teau de Saint-Pierre.<\/p>\n<p>La localit\u00e9 est \u00e9galement r\u00e9put\u00e9e pour les <strong>Thermes de Saint-Vincent<\/strong>, dont l\u2019histoire d\u00e9bute en 1770 lorsque l\u2019abb\u00e9 Jean-Baptiste Perret d\u00e9couvrit la source des eaux de Saint-Vincent, aussit\u00f4t baptis\u00e9es <strong>Fons Salutis<\/strong>. Des analyses approfondies d\u00e9montr\u00e8rent que cette eau pouvait \u00eatre officiellement reconnue pour ses propri\u00e9t\u00e9s diur\u00e9tiques et purgatives, ainsi que pour sa teneur en min\u00e9raux sup\u00e9rieure \u00e0 celle de nombreuses autres eaux. La renomm\u00e9e de l\u2019eau de Saint-Vincent se r\u00e9pandit alors rapidement, favorisant l\u2019essor touristique de la station.<\/p>\n<p>Une promenade dans le centre historique permet de d\u00e9couvrir le riche pass\u00e9 de Saint-Vincent, ses ruelles pleines de charme, ainsi que la silhouette caract\u00e9ristique en toit \u00e0 deux versants de <strong>l\u2019h\u00f4tel de ville<\/strong>, con\u00e7u dans les ann\u00e9es 1950 par l\u2019architecte Villani.<\/p>\n<p>La ville est enfin c\u00e9l\u00e8bre pour son <strong>Casin\u00f2 et le Grand H\u00f4tel Billia<\/strong>, prestigieux \u00e9tablissement de luxe datant de la Belle \u00c9poque, qui a accueilli au fil des d\u00e9cennies l\u2019aristocratie ainsi que le jet-set italien et international.<\/p>\n<p>D\u00e9couvrez toutes les <strong>visites guid\u00e9es<\/strong> li\u00e9es aux <strong><a href=\"https:\/\/www.guidaturisticaosta.it\/fr\/villages-et-bourgs-de-la-vallee-daoste\/\" target=\"_blank\" rel=\"noopener\">bourgs et villages de la Vall\u00e9e d\u2019Aoste<\/a><\/strong><\/p>\n","protected":false},"excerpt":{"rendered":"<p>Lov\u00e9e dans un endroit ensoleill\u00e9, elle porte le surnom de \u00ab Rivi\u00e8re des Alpes \u00bb du fait de son climat doux.<\/p>\n","protected":false},"author":1,"featured_media":22270,"comment_status":"open","ping_status":"closed","template":"","tags":[158,161,176],"categoria_visite":[299],"class_list":["post-22269","visite","type-visite","status-publish","has-post-thumbnail","hentry","tag-romanico-valle-daosta","tag-saint-vincent","tag-terme-valle-daosta","categoria_visite-villages-et-localites"],"acf":[],"_links":{"self":[{"href":"https:\/\/www.guidaturisticaosta.it\/fr\/wp-json\/wp\/v2\/visite\/22269","targetHints":{"allow":["GET"]}}],"collection":[{"href":"https:\/\/www.guidaturisticaosta.it\/fr\/wp-json\/wp\/v2\/visite"}],"about":[{"href":"https:\/\/www.guidaturisticaosta.it\/fr\/wp-json\/wp\/v2\/types\/visite"}],"author":[{"embeddable":true,"href":"https:\/\/www.guidaturisticaosta.it\/fr\/wp-json\/wp\/v2\/users\/1"}],"replies":[{"embeddable":true,"href":"https:\/\/www.guidaturisticaosta.it\/fr\/wp-json\/wp\/v2\/comments?post=22269"}],"version-history":[{"count":6,"href":"https:\/\/www.guidaturisticaosta.it\/fr\/wp-json\/wp\/v2\/visite\/22269\/revisions"}],"predecessor-version":[{"id":22814,"href":"https:\/\/www.guidaturisticaosta.it\/fr\/wp-json\/wp\/v2\/visite\/22269\/revisions\/22814"}],"wp:featuredmedia":[{"embeddable":true,"href":"https:\/\/www.guidaturisticaosta.it\/fr\/wp-json\/wp\/v2\/media\/22270"}],"wp:attachment":[{"href":"https:\/\/www.guidaturisticaosta.it\/fr\/wp-json\/wp\/v2\/media?parent=22269"}],"wp:term":[{"taxonomy":"post_tag","embeddable":true,"href":"https:\/\/www.guidaturisticaosta.it\/fr\/wp-json\/wp\/v2\/tags?post=22269"},{"taxonomy":"categoria_visite","embeddable":true,"href":"https:\/\/www.guidaturisticaosta.it\/fr\/wp-json\/wp\/v2\/categoria_visite?post=22269"}],"curies":[{"name":"wp","href":"https:\/\/api.w.org\/{rel}","templated":true}]}}