{"id":22275,"date":"2018-12-18T13:20:50","date_gmt":"2018-12-18T12:20:50","guid":{"rendered":"https:\/\/www.guidaturisticaosta.it\/visite\/valgrisenche\/"},"modified":"2025-12-02T09:19:30","modified_gmt":"2025-12-02T08:19:30","slug":"valgrisenche","status":"publish","type":"visite","link":"https:\/\/www.guidaturisticaosta.it\/fr\/visite\/valgrisenche\/","title":{"rendered":"Valgrisenche"},"content":{"rendered":"<h2 style=\"text-align: left;\">Visite guid\u00e9e de Valgrisenche<\/h2>\n<p>En remontant la vall\u00e9e \u00e9troite de Valgrisenche, l\u2019une des plus sauvages de la Vall\u00e9e d\u2019Aoste, on aper\u00e7oit sur la rive droite de la Doire un rocher. L\u00e0 se trouvent les vestiges du <strong>ch\u00e2teau de Montmayeur<\/strong>, dont subsistent une tour cylindrique couronn\u00e9e de cr\u00e9neaux et d\u2019autres b\u00e2timents. Plac\u00e9 \u00e0 la garde de la s\u00e9v\u00e8re Valgrisenche, le ch\u00e2teau est le th\u00e9\u00e2tre de sombres l\u00e9gendes et n\u2019est accessible qu\u2019\u00e0 pied par un sentier.<\/p>\n<p>En remontant la vall\u00e9e, on atteint le village homonyme situ\u00e9 \u00e0 plus de 1600 m\u00e8tres d\u2019altitude, au pied du <strong>Rutor<\/strong>.<br \/>\nLe petit village conserve quelques monuments pr\u00e9cieux, comme l\u2019<strong>\u00e9glise paroissiale Saint Grat<\/strong> avec son mus\u00e9e d\u2019art sacr\u00e9 attenant. Le clocher, enti\u00e8rement en pierre et construit en 1392, est particuli\u00e8rement remarquable.<br \/>\n\u00c0 l\u2019ext\u00e9rieur du village se trouve le <strong>barrage de Beauregard<\/strong>, qui barre compl\u00e8tement la vall\u00e9e. Le barrage fut construit en 1954 pour cr\u00e9er une \u00e9norme r\u00e9serve d\u2019eau destin\u00e9e \u00e0 la production hydro\u00e9lectrique. Le lac de retenue est de taille consid\u00e9rable, mais le niveau de l\u2019eau est bien en dessous du maximum autoris\u00e9.<\/p>\n<p>\u00c0 visiter aussi, <strong>la coop\u00e9rative artisanale \u00ab Les Tisserands \u00bb<\/strong>, qui s\u2019occupe du tissage du \u00ab drap \u00bb, un tissu rustique fabriqu\u00e9 \u00e0 partir de laine fil\u00e9e et travaill\u00e9e sur d\u2019anciens m\u00e9tiers \u00e0 tisser en bois d\u2019\u00e9rable. La laine provient de la tonte des moutons locaux de race Rosset.<\/p>\n<p>La coop\u00e9rative se pr\u00e9sente chaque ann\u00e9e \u00e0 la traditionnelle <strong><a href=\"https:\/\/www.guidaturisticaosta.it\/fr\/visite\/foire-de-saint-ours-a-aoste\/\" target=\"_blank\" rel=\"noopener\">Foire de la Saint-Ours \u00e0 Aoste<\/a><\/strong> et \u00e0 la <strong><a href=\"https:\/\/www.guidaturisticaosta.it\/fr\/visite\/foire-de-saint-ours-a-donnas\/\" target=\"_blank\" rel=\"noopener\">Foire de la Saint-Ours de Donnas<\/a><\/strong>.<\/p>\n<p>D\u00e9couvrez toutes les <strong>visites guid\u00e9es<\/strong> li\u00e9es aux <strong><a href=\"https:\/\/www.guidaturisticaosta.it\/fr\/villages-et-bourgs-de-la-vallee-daoste\/\" target=\"_blank\" rel=\"noopener\">bourgs et villages de la Vall\u00e9e d\u2019Aoste<\/a><\/strong><\/p>\n","protected":false},"excerpt":{"rendered":"<p>Situ\u00e9e \u00e0 1\u202f600 m\u00e8tres d&rsquo;altitude, Valgrisenche est c\u00e9l\u00e8bre pour sa production artisanale des draps locaux.<\/p>\n","protected":false},"author":1,"featured_media":22276,"comment_status":"open","ping_status":"closed","template":"","tags":[49,181],"categoria_visite":[299],"class_list":["post-22275","visite","type-visite","status-publish","has-post-thumbnail","hentry","tag-artigianato-valle-daosta","tag-valgrisenche","categoria_visite-villages-et-localites"],"acf":[],"_links":{"self":[{"href":"https:\/\/www.guidaturisticaosta.it\/fr\/wp-json\/wp\/v2\/visite\/22275","targetHints":{"allow":["GET"]}}],"collection":[{"href":"https:\/\/www.guidaturisticaosta.it\/fr\/wp-json\/wp\/v2\/visite"}],"about":[{"href":"https:\/\/www.guidaturisticaosta.it\/fr\/wp-json\/wp\/v2\/types\/visite"}],"author":[{"embeddable":true,"href":"https:\/\/www.guidaturisticaosta.it\/fr\/wp-json\/wp\/v2\/users\/1"}],"replies":[{"embeddable":true,"href":"https:\/\/www.guidaturisticaosta.it\/fr\/wp-json\/wp\/v2\/comments?post=22275"}],"version-history":[{"count":3,"href":"https:\/\/www.guidaturisticaosta.it\/fr\/wp-json\/wp\/v2\/visite\/22275\/revisions"}],"predecessor-version":[{"id":22367,"href":"https:\/\/www.guidaturisticaosta.it\/fr\/wp-json\/wp\/v2\/visite\/22275\/revisions\/22367"}],"wp:featuredmedia":[{"embeddable":true,"href":"https:\/\/www.guidaturisticaosta.it\/fr\/wp-json\/wp\/v2\/media\/22276"}],"wp:attachment":[{"href":"https:\/\/www.guidaturisticaosta.it\/fr\/wp-json\/wp\/v2\/media?parent=22275"}],"wp:term":[{"taxonomy":"post_tag","embeddable":true,"href":"https:\/\/www.guidaturisticaosta.it\/fr\/wp-json\/wp\/v2\/tags?post=22275"},{"taxonomy":"categoria_visite","embeddable":true,"href":"https:\/\/www.guidaturisticaosta.it\/fr\/wp-json\/wp\/v2\/categoria_visite?post=22275"}],"curies":[{"name":"wp","href":"https:\/\/api.w.org\/{rel}","templated":true}]}}